{"id":1050,"date":"2021-06-16T10:47:13","date_gmt":"2021-06-16T08:47:13","guid":{"rendered":"https:\/\/fiaf.net\/ambientefuturo\/?page_id=1050"},"modified":"2025-02-04T19:09:37","modified_gmt":"2025-02-04T18:09:37","slug":"come-si-partecipa","status":"publish","type":"page","link":"https:\/\/fiaf.net\/agrosfera\/come-si-partecipa\/","title":{"rendered":"Come si partecipa"},"content":{"rendered":"\r\n\r\n<strong>OPERE FOTOGRAFICHE E AUDIOVISIVE<\/strong>\r\n\r\nE\u2019 possibile partecipare sia con opere fotografiche che audiovisive.\r\nCi riserviamo di comunicare, nella seconda parte del 2025, le modalit\u00e0 di iscrizione al Progetto nazionale, il form di caricamento e le modalit\u00e0.\r\n<strong>La data di consegna opere \u00e8 18 gennaio 2026.<\/strong>\r\n\r\n<strong>Fotografia<\/strong>\r\n\u2022 Massimo 15 fotografie per ogni tipo di opera realizzata: portfolio1, portfolio2 e opere singole;\r\n\u2022 Dimensione: lato piccolo cm 20 con risoluzione 300 dpi (se foto quadrate 20&#215;20, 300 dpi)\r\n\r\n<strong>Audiovisivi<\/strong>\r\n<ul>\r\n \t<li>Gli audiovisivi potranno essere\u00a0realizzati con qualsiasi tipo di software ed avere una durata massima di 8 minuti.\r\n\u2022 Dovranno essere inviati nei formati finalicome file\u00a0.MP4\u00a0o .MOV con compressione H.264 \u2013 1080p (FullHD) con un peso massimo di 2 Gb.\u00a0(N.B.\u00a0Per esigenze tecniche e di proiezione si richiede agli autori che producono la propria opera in formato .WMV di inviare anche il file in formato .MP4).\r\n\u2022 Nei titoli di coda dell\u2019audiovisivo dovranno comparire tutti i riferimenti relativi alle immagini, alle sequenze video e alle colonne sonore (proprie o di terzi) che compaiono nella scheda DIAF.<\/li>\r\n<\/ul>\r\nUna selezione delle opere audiovisive presentate verr\u00e0 proiettata alla Mostra Nazionale \u2013 CIFA, Bibbiena \u2013 nel settembre 2026. Alla selezione parteciperanno, oltre alle Opere inviate secondo questo regolamento, anche le opere del 19\u00b0 Circuito Audiovisivi 2025 appartenenti alla speciale categoria \u201cAGROSFERA \u2013 Storie di tradizione e innovazione\u201d.\r\n\r\n\n    <div class=\"xs_social_share_widget xs_share_url after_content \t\tmain_content  wslu-style-1 wslu-share-box-shaped wslu-fill-colored wslu-none wslu-share-horizontal wslu-theme-font-no wslu-main_content\">\n\n\t\t\n        <ul>\n\t\t\t        <\/ul>\n    <\/div> \n","protected":false},"excerpt":{"rendered":"<p>OPERE FOTOGRAFICHE E AUDIOVISIVE E\u2019 possibile partecipare sia con opere fotografiche che audiovisive. Ci riserviamo di comunicare, nella seconda parte del 2025, le modalit\u00e0 di iscrizione al Progetto nazionale, il form di caricamento e le modalit\u00e0. La data di consegna opere \u00e8 18 gennaio 2026. Fotografia \u2022 Massimo 15 fotografie per ogni tipo di opera realizzata: portfolio1, portfolio2 e opere singole; \u2022 Dimensione: lato piccolo cm 20 con risoluzione 300 dpi (se foto quadrate 20&#215;20, 300 dpi) Audiovisivi Gli audiovisivi potranno essere\u00a0realizzati con qualsiasi tipo di software ed avere una durata massima di 8 minuti. \u2022 Dovranno essere inviati nei formati finalicome file\u00a0.MP4\u00a0o .MOV con compressione H.264 \u2013 1080p (FullHD) con un peso massimo di 2 Gb.\u00a0(N.B.\u00a0Per esigenze tecniche e di proiezione si richiede agli autori che producono la propria opera in formato .WMV di [&hellip;]<\/p>\n","protected":false},"author":1,"featured_media":3707,"parent":0,"menu_order":0,"comment_status":"closed","ping_status":"closed","template":"","meta":{"_acf_changed":false,"footnotes":""},"class_list":["post-1050","page","type-page","status-publish","has-post-thumbnail","hentry"],"acf":[],"_links":{"self":[{"href":"https:\/\/fiaf.net\/agrosfera\/wp-json\/wp\/v2\/pages\/1050","targetHints":{"allow":["GET"]}}],"collection":[{"href":"https:\/\/fiaf.net\/agrosfera\/wp-json\/wp\/v2\/pages"}],"about":[{"href":"https:\/\/fiaf.net\/agrosfera\/wp-json\/wp\/v2\/types\/page"}],"author":[{"embeddable":true,"href":"https:\/\/fiaf.net\/agrosfera\/wp-json\/wp\/v2\/users\/1"}],"replies":[{"embeddable":true,"href":"https:\/\/fiaf.net\/agrosfera\/wp-json\/wp\/v2\/comments?post=1050"}],"version-history":[{"count":6,"href":"https:\/\/fiaf.net\/agrosfera\/wp-json\/wp\/v2\/pages\/1050\/revisions"}],"predecessor-version":[{"id":3748,"href":"https:\/\/fiaf.net\/agrosfera\/wp-json\/wp\/v2\/pages\/1050\/revisions\/3748"}],"wp:featuredmedia":[{"embeddable":true,"href":"https:\/\/fiaf.net\/agrosfera\/wp-json\/wp\/v2\/media\/3707"}],"wp:attachment":[{"href":"https:\/\/fiaf.net\/agrosfera\/wp-json\/wp\/v2\/media?parent=1050"}],"curies":[{"name":"wp","href":"https:\/\/api.w.org\/{rel}","templated":true}]}}