{"id":4342,"date":"2026-04-03T14:56:58","date_gmt":"2026-04-03T12:56:58","guid":{"rendered":"https:\/\/fiaf.net\/agrosfera\/?page_id=4342"},"modified":"2026-04-03T14:56:58","modified_gmt":"2026-04-03T12:56:58","slug":"scheda-mostre-locali","status":"publish","type":"page","link":"https:\/\/fiaf.net\/agrosfera\/scheda-mostre-locali\/","title":{"rendered":"Scheda Mostre Locali"},"content":{"rendered":"\r\n<p><strong>Ed eccoci alla delicata fase della programmazione delle Mostre locali e le cose da fare sono ancora tante!<\/strong><br \/><strong>Le ripercorriamo insieme per farci trovare pronti al grande appuntamento di settembre 2026.<\/strong><\/p>\r\n<p>Le\u00a0<strong>MOSTRE LOCALI<\/strong>\u00a0sono fondamentali per la riuscita del progetto, nonch\u00e9 il coronamento e il sostegno della mostra nazionale: con la massima condivisione e partecipazione il nostro lavoro potr\u00e0 essere pienamente giustificato e potremo mostrare quanto importante e capace sia il movimento di tutti coloro che amano la fotografia.<\/p>\r\n<p>\u00a0<\/p>\r\n<p>La\u00a0<strong>SELEZIONE NAZIONALE<\/strong>\u00a0\u00e8 in corso e i risultati saranno resi noti entro il\u00a0<strong>31 maggio 2026.<\/strong><\/p>\r\n<p>Cominciate a organizzarvi per le\u00a0<strong>MOSTRE LOCALI.<\/strong>\u00a0Entro il\u00a0<strong>31 maggio 2026<\/strong>\u00a0dovrete inviare la scheda di partecipazione alle mostre locali e al libro delle mostre locali. La scheda la trovate in fondo all\u2019articolo, da scaricare, compilare e inviare al CIFA.<\/p>\r\n<p>Come sapete, oltre al libro nazionale, con opere scelte e pubblicate gratuitamente, c\u2019\u00e8 la possibilit\u00e0 di<strong>\u00a0acquistare pagine del LIBRO DELLE MOSTRE LOCALI,<\/strong>\u00a0da prenotare e pagare secondo le modalit\u00e0 che trovate sempre nella suddetta scheda. I materiali per la pubblicazione nel libro delle mostre locali dovranno essere inviati<strong>\u00a0entro il 31 maggio 2026.<\/strong><\/p>\r\n<p>Le <strong>mostre locali<\/strong> rappresentano un elemento essenziale per il successo dell\u2019intero progetto e costituiscono il naturale completamento, oltre che un importante supporto, della mostra nazionale. Solo attraverso una partecipazione ampia e condivisa il lavoro svolto potr\u00e0 trovare piena valorizzazione, dimostrando la forza, la vitalit\u00e0 e la qualit\u00e0 del movimento di tutti coloro che vivono e promuovono la fotografia.<\/p>\r\n<p>La <strong>selezione nazionale<\/strong> \u00e8 attualmente in fase di svolgimento e i relativi risultati verranno comunicati entro il <strong>31 maggio 2026<\/strong>.<\/p>\r\n<p>Invitiamo quindi tutti a iniziare fin da ora a programmare le <strong>mostre locali<\/strong>. Entro il <strong>31 maggio 2026<\/strong> dovr\u00e0 essere trasmessa al <strong>CIFA<\/strong> la scheda di adesione <u>alle mostre locali e al volume dedicato<\/u>. Il modulo \u00e8 disponibile in calce all\u2019articolo e dovr\u00e0 essere scaricato, compilato e inviato secondo le modalit\u00e0 indicate.<\/p>\r\n<p>Informiamo, inoltre, che a partire dal 31 maggio sar\u00e0 data la possibilit\u00e0 di acquistare in prevendita i libri, sullo SHOP FIAF, ad un prezzo vantaggioso.<\/p>\r\n<p>Materiali necessari e modalit\u00e0 invio opere per il libro delle mostre locali:<\/p>\r\n<p>\u2013\u00a0un testo di presentazione del circolo o biografie degli autori (se partecipanti singoli) e un testo di presentazione del progetto;\u00a0complessivamente i due testi dovranno essere di circa 1000 battute compresi gli spazi<br \/>\u2013 \u00a0i file delle foto scelte per la pubblicazione in formato .jpg o .tiff a 300 dpi\u00a0con lato minore di 20 cm e relative didascalie (nome e cognome autore, titolo dell\u2019opera)<br \/>\u2013 \u00a0i file delle foto scelte per la pubblicazione dovranno essere massimo 8 per ogni 2 pagine acquistate. Si richiedono inoltre alcune foto di riserva per la gestione ottimale dell\u2019impaginato<\/p>\r\n<p>\u00a0<\/p>\r\n<p><strong>Scarica i moduli:<\/strong><\/p>\r\n<ul>\r\n<li><a href=\"https:\/\/fiaf.net\/agrosfera\/wp-content\/uploads\/sites\/36\/2026\/04\/Scheda-Mostre-Locali_agrosfera_.pdf\" target=\"_blank\" rel=\"noopener\"><em><strong>scheda mostre locali<\/strong><\/em><\/a><\/li>\r\n<\/ul>\r\n\n    <div class=\"xs_social_share_widget xs_share_url after_content \t\tmain_content  wslu-style-1 wslu-share-box-shaped wslu-fill-colored wslu-none wslu-share-horizontal wslu-theme-font-no wslu-main_content\">\n\n\t\t\n        <ul>\n\t\t\t        <\/ul>\n    <\/div> \n","protected":false},"excerpt":{"rendered":"<p>Ed eccoci alla delicata fase della programmazione delle Mostre locali e le cose da fare sono ancora tante!Le ripercorriamo insieme per farci trovare pronti al grande appuntamento di settembre 2026. Le\u00a0MOSTRE LOCALI\u00a0sono fondamentali per la riuscita del progetto, nonch\u00e9 il coronamento e il sostegno della mostra nazionale: con la massima condivisione e partecipazione il nostro lavoro potr\u00e0 essere pienamente giustificato e potremo mostrare quanto importante e capace sia il movimento di tutti coloro che amano la fotografia. \u00a0 La\u00a0SELEZIONE NAZIONALE\u00a0\u00e8 in corso e i risultati saranno resi noti entro il\u00a031 maggio 2026. Cominciate a organizzarvi per le\u00a0MOSTRE LOCALI.\u00a0Entro il\u00a031 maggio 2026\u00a0dovrete inviare la scheda di partecipazione alle mostre locali e al libro delle mostre locali. La scheda la trovate in fondo all\u2019articolo, da scaricare, compilare e inviare al CIFA. Come sapete, oltre al libro nazionale, [&hellip;]<\/p>\n","protected":false},"author":64,"featured_media":3707,"parent":0,"menu_order":0,"comment_status":"closed","ping_status":"closed","template":"","meta":{"_acf_changed":false,"footnotes":""},"class_list":["post-4342","page","type-page","status-publish","has-post-thumbnail","hentry"],"acf":[],"_links":{"self":[{"href":"https:\/\/fiaf.net\/agrosfera\/wp-json\/wp\/v2\/pages\/4342","targetHints":{"allow":["GET"]}}],"collection":[{"href":"https:\/\/fiaf.net\/agrosfera\/wp-json\/wp\/v2\/pages"}],"about":[{"href":"https:\/\/fiaf.net\/agrosfera\/wp-json\/wp\/v2\/types\/page"}],"author":[{"embeddable":true,"href":"https:\/\/fiaf.net\/agrosfera\/wp-json\/wp\/v2\/users\/64"}],"replies":[{"embeddable":true,"href":"https:\/\/fiaf.net\/agrosfera\/wp-json\/wp\/v2\/comments?post=4342"}],"version-history":[{"count":1,"href":"https:\/\/fiaf.net\/agrosfera\/wp-json\/wp\/v2\/pages\/4342\/revisions"}],"predecessor-version":[{"id":4344,"href":"https:\/\/fiaf.net\/agrosfera\/wp-json\/wp\/v2\/pages\/4342\/revisions\/4344"}],"wp:featuredmedia":[{"embeddable":true,"href":"https:\/\/fiaf.net\/agrosfera\/wp-json\/wp\/v2\/media\/3707"}],"wp:attachment":[{"href":"https:\/\/fiaf.net\/agrosfera\/wp-json\/wp\/v2\/media?parent=4342"}],"curies":[{"name":"wp","href":"https:\/\/api.w.org\/{rel}","templated":true}]}}