{"id":5639,"date":"2025-02-21T15:04:26","date_gmt":"2025-02-21T14:04:26","guid":{"rendered":"https:\/\/fiaf.net\/lombardia\/?page_id=5639"},"modified":"2026-04-17T13:56:54","modified_gmt":"2026-04-17T11:56:54","slug":"calendario","status":"publish","type":"page","link":"https:\/\/fiaf.net\/lombardia\/calendario\/","title":{"rendered":"Calendario"},"content":{"rendered":"<p>Per l&#8217;aggiornamento delle attivit\u00e0 nel calendario contattare:<br \/>\n<a href=\"mailto:pierluigi.pagliardi@gmail.com\">Pierluigi Pagliardi<\/a> per <strong>Lombardia Ovest<\/strong>, <a href=\"mailto:doretta@dorettagerevini.it\">Doretta Gerevini<\/a> per <strong>Lombardia Est<\/strong><\/p>\n<h5><strong>Aprile 2026<\/strong><\/h5>\n<ul>\n<li style=\"list-style-type: none\">\n<ul>\n<li><strong>Venerd\u00ec 27 Febbraio &#8211; Venerd\u00ec 20 Marzo &#8211; Venerd\u00ec 24 Aprile ore 20,45: <\/strong>Manifestazione organizzata da<strong> Associazione fotografica Oltre Lo Sguardo &#8220;LE GRANDI FOTOGRAFIE E LE LORO INCREDIBILI STORIE&#8221; &#8211;<\/strong> c\/o Teatro Comunale &#8211; Via Verdi n. 55 &#8211; Erbusco (BS). <strong>Manifestazione con Riconoscimento FIAF<\/strong><\/li>\n<li><strong>dal 14 Marzo al 17 Maggio: <\/strong>Mostra Fotografica di <strong>Paolo Ghiringhelli &#8220;SGUARDI<\/strong>&#8221; presso Spazio Espositivo Permanente della Casa Soggiorno Nolli Pigoli &#8211; Viale Europe,1\u00a0 &#8211; Sesto ed Uniti (CR) &#8211; Inaugurazione Sabato 14 MARZO ORE 10,00 &#8211; <strong>Mostra Fotografica con Riconoscimento Fiaf<\/strong><\/li>\n<li><strong>dal 12 al 26: <\/strong>Mostra Fotografica di <strong>Alberto Scibona &#8220;IN HOC SIGNO<\/strong>&#8221; presso Sala delle Carrozze di Villa Marazzi &#8211; Via Dante, 47 &#8211; Cesano Boscone (MI) &#8211; Inaugurazione Domenica 12 Aprile ore 11:15<\/li>\n<\/ul>\n<\/li>\n<\/ul>\n<p>_____________________________________________________________________________________________________________________<\/p>\n<p><strong>Eventi FUTURI<\/strong><\/p>\n<ul>\n<li><strong>dal 5 al 14 Giugno:<\/strong> Mostra Fotografica e Video Antologica &#8220;<strong>Trent&#8217;anni di sguardi<\/strong>&#8221; di <strong>Andrea Priori<\/strong> presso Teatro storico di Castiglione d\u2019Intelvi, Centro Valle Intelvi (Co)<\/li>\n<li><strong>dal 9 al 18 Ottobre: <\/strong>Manifestazione fotografica &#8220;<strong>La 5 Giorni<\/strong>&#8221; (Circolo Fotografico Inverigo)<\/li>\n<\/ul>\n<p>_____________________________________________________________________________________________________________________<\/p>\n<p><strong>Eventi PRECEDENTI<\/strong><\/p>\n<h5><strong>Marzo 2026<\/strong><\/h5>\n<ul>\n<li><strong>Gioved\u00ec 26 ore 21,00: Talk fotografico &#8220;Fotografare oltre la fotografia&#8221; <\/strong>con<strong> Ferruccio Pavesi<\/strong> presso Spazio Polifunzionale ACLI &#8211; Via Speri della Chiesa Jemoli, 9 &#8211; Varese &#8211; Ingresso Libero<\/li>\n<li><strong>21-22-28-29: <\/strong>Mostra collettiva <strong>&#8220;Visioni Oniriche&#8221;<\/strong> &#8211; Club F64 Lissone, presso Casa delle Arti e della Cultura, piazza della Vittoria, Cernusco Lombardone<\/li>\n<li><strong>Gioved\u00ec 12 ore 21,00: Serata con l&#8217;autore, Federica Cordero &#8220;IL RESPIRO DELLA TERRA&#8221;<\/strong> presso Gruppo Fotografico Cremonese BFI-ADAFA &#8211; Via Palestro n.32 &#8211; Cremona &#8211; INGRESSO LIBERO<\/li>\n<li><strong>dal 7 al 22: <\/strong>Mostra Fotografica di Elisa Mariotti &#8220;YES, WE DO.&#8221; presso Galleria FIAF Castello Oldofredi &#8211; Iseo (BS)<\/li>\n<li><strong>dal 6 al 27: Corso Avanzato di Fotografia<\/strong> Associazione Fotografica Contrasto &#8211; presso la Biblioteca di Chiavenna in Vicolo dei Mulini. <strong>Corso con Riconoscimento FIAF<\/strong><\/li>\n<\/ul>\n<h5><strong>Febbraio 2026<\/strong><\/h5>\n<ul>\n<li><strong>Venerd\u00ec 27 Febbraio &#8211; Venerd\u00ec 20 Marzo &#8211; Venerd\u00ec 24 Aprile ore 20,45: <\/strong>Manifestazione organizzata da<strong> Associazione fotografica Oltre Lo Sguardo &#8220;LE GRANDI FOTOGRAFIE E LE LORO INCREDIBILI STORIE&#8221; &#8211;<\/strong> c\/o Teatro Comunale &#8211; Via Verdi n. 55 &#8211; Erbusco (BS). <strong>Manifestazione con Riconoscimento FIAF<\/strong><\/li>\n<li><strong>dal 16 Febbraio al 16 Marzo: Corso base di Fotografia <\/strong>a Dalmine (BG) organizzato dall&#8217;Associazione Fotografica &#8220;fotograFARE Aps&#8221;. Per informazioni: info@fotografare.eu &#8211; WhatsApp: +39.349.1449723. <strong>Corso con Riconoscimento FIAF<\/strong><\/li>\n<li><strong>Venerd\u00ec 13 ore 21,00: Serata fotografica pubblica <\/strong>organizzata da<strong> Associazione fotografica Oltre Lo Sguardo BFI &#8220;OLS CONTEST STREET PHOTOGRAPHY&#8221; &#8211;<\/strong> c\/o Sala Auser, Via Crocifisso,13 &#8211; Erbusco Villa Pedergnano<\/li>\n<li><strong>Venerd\u00ec 6 ore 20,45: Serata fotografica pubblica <\/strong>organizzata da<strong> Torre Foto Club, Luisa Bondoni e l&#8217;autore presentano &#8220;I COLORI&#8221; di Giambattista Pruzzo &#8211;<\/strong> c\/o Sala civica del Centro Polivalente, Piazza del Bersagliere,5 &#8211; Torre Boldone<\/li>\n<li><strong>dal 1 al 15: Mostra fotografica &#8220;I tesori del fiume&#8221;<\/strong> di Marco Colombo &#8211; c\/o Sala delle Carrozze di Villa Marazzi, Cesano Boscone (MI). Inaugurazione Domenica 1 Febbraio ore 11:15<\/li>\n<\/ul>\n<h5><strong>Gennaio 2026<\/strong><\/h5>\n<ul>\n<li><strong>Dal 17 al 31 &#8211; Mostra Fotografica Personale &#8220;BACK TO LONDON&#8221; di MASSIMILIANO FERRARI &#8211; Inaugurazione 17\/01\/2026 ore 10,30 presso Biblioteca di Concesio (BS)<\/strong><strong>. <\/strong>La mostra \u00e8 visitabile negli orari di apertura della Biblioteca &#8211; www. biblioteca.concesio.bs.it &#8211; La mostra ha il <strong>RICONOSCIMENTO FIAF N. D2-01\/2026<\/strong><\/li>\n<li><strong>Venerd\u00ec 16 ore 21,00<\/strong>: <strong>Presentazione del libro Shinjuku &#8211; di Angelo Ferrillo<\/strong> &#8211; presso sede Circolo Amici dell&#8217;Arte, Via Bestetti 8, Villasanta (MB)<\/li>\n<li><strong>Marted\u00ec 06 ore 9,30<\/strong>: <strong>Convegno dei Circoli Fotografici della Provincia di Brescia<\/strong> &#8211; Responsabili FIAF della Provincia di Brescia &#8211; presso Palazzo Bertazzoli &#8211; Bagnolo Mella (BS) &#8211; <strong>alle ore 11,00 inaugurazione Mostra Collettiva dei Circoli Bresciani<\/strong><\/li>\n<li><strong>fino al 31 Gennaio &#8211; Mostra fotografica &#8220;Fulvio Roiter, primi sguardi&#8221;<\/strong> presso la Biblioteca Civica di Vimercate (MB), Piazza Unit\u00e0 d&#8217;Italia, 2G &#8211; Ingresso libero nei giorni e orari di apertura biblioteca<\/li>\n<\/ul>\n<h5><strong>Dicembre 2025<\/strong><\/h5>\n<ul>\n<li><strong>dal 6 all&#8217;8<\/strong>: <strong>Mostra fotografica LAB Di Cult FIAF n.236: Memorie<\/strong> &#8211; Circolo Fotografico Inverigo BFI &#8211; presso Teatrino di Santa Maria Della Noce, Inverigo (CO) &#8211; Manifestazione con Riconoscimento FIAF<\/li>\n<li><strong>Venerd\u00ec 5, ore 21,00 &#8211; Serata fotografica pubblica &#8220;INSOLITE VISIONI<\/strong> con ALEX PERSICO &#8211; Torre Foto Club TFC&#8221; &#8211; presso Sala Civica del Centro Polivalente, Piazza del Bersagliere, 5 &#8211; Torre Boldone (BG) &#8211; Ingresso libero fino ad esaurimento posti<\/li>\n<li><strong>dal 7\/12\/2025 AL 06\/01\/2025<\/strong>: <strong>Mostra fotografica &#8220;FOTO DELL&#8217;ANNO 2024 FIAF&#8221;<\/strong> &#8211; Gruppo ISEO IMMAGINE &#8211; presso Galleria Fiaf Castello Oldofredi &#8211; Iseo (Bs)<\/li>\n<\/ul>\n<h5><strong>Novembre 2025<\/strong><\/h5>\n<ul>\n<li><strong>dal 29 Novembre al 14 Dicembre<\/strong>: <strong>Mostra delle foto vincitrici del concorso interno 2024-2025<\/strong> &#8211; Circolo Fotografico \u201cF. Ventura\u201d &#8211; presso Cascina Roma, Piazza delle Arti, 6 San Donato Milanese &#8211; Manifestazione con Riconoscimento FIAF<\/li>\n<li><strong>dal 22 al 23<\/strong>: <strong>Mostra Premio Fotografico Nazionale Emanuela Radice <\/strong>&#8211; Circolo Fotografico Inverigo BFI, presso auditorium <strong>FLA \u2013 Palazzo della Fondazione Lombardia per l\u2019Ambiente<\/strong>, Largo 10 Luglio 1976, 1 &#8211; Seveso (MB) &#8211; Manifestazione con Riconoscimento FIAF<\/li>\n<li><strong>dal 10 al 21<\/strong>: Mostra fotografica <strong>&#8220;Umanit\u00e0&#8221; <\/strong>&#8211; Club Fotografico Ricerca e Proposta &#8211;\u00a0 presso Palazzo Comunale, Piazza Garibaldi, 14 &#8211; Oggiono<\/li>\n<li><strong>dal 8 al 15<\/strong>: Mostra fotografica <strong>&#8220;10 anni di immagini, 10 anni di storia&#8221; <\/strong>&#8211; Gruppo Fotografi Barlassina &#8211;\u00a0 presso Sala Convegni BCC &#8220;Citterio&#8221;, Barlassina &#8211; <a href=\"https:\/\/www.gfbarlassina.it\/\" target=\"_blank\" rel=\"noopener\">www.gfbarlassina.it<\/a> &#8211; Manifestazione con Riconoscimento FIAF<\/li>\n<li><strong>dal 7 al 28<\/strong>: Mostra fotografica <strong>&#8220;Pop Art Collection from Photoworld&#8221; <\/strong>&#8211; Luigi Corbetta &#8211;\u00a0 presso\n<div dir=\"auto\">The Art Company Como, via Borgovico 163, Como (cortile interno)<\/div>\n<\/li>\n<li><strong>dal 1 al 23<\/strong>: Dalmine Manifestazioni fotografiche <strong>&#8220;DMF 2025 le mostre\u00a0<\/strong>&#8211; consulta il programma <a href=\"https:\/\/dmf-ilfestival.it\/\" target=\"_blank\" rel=\"noopener\">dmf-ilfestival.it<\/a> &#8211; Manifestazione con Riconoscimento FIAF<\/li>\n<\/ul>\n<h5>Ottobre 2025<\/h5>\n<ul>\n<li><strong>dal 25 Ottobre al 3 Novembre<\/strong> : Mostra Fotografica &#8220;<strong>E tu chi sei?<\/strong>&#8221; &#8211; Circolo Fotografico Milanese &#8211; a cura di Marzio Rizzo &#8211; Spazio ex Fornace, Alzaia Naviglio Pavese 16, Milano &#8211; <a href=\"https:\/\/www.facebook.com\/share\/v\/1FMpAfcNjk\/\" target=\"_blank\" rel=\"noopener\">facebook.com\/share\/v\/1FMpAfcNjk<\/a> &#8211; Manifestazione con Riconoscimento FIAF<\/li>\n<li><strong>dal 25 al 26 Ottobre <\/strong>Mostra Fotografica dei <strong>soci del FOTOCLUB VALTENESI<\/strong>\u00a0 di Padenghe (BS) &#8211; Sala Domus, Piazza Duomo, Sal\u00f2 (Bs) &#8211; Manifestazione con Riconoscimento FIAF<\/li>\n<li><strong>Domenica 19<\/strong>: Lettura portfolio &#8220;<strong>Portfolio Brigantia<\/strong>&#8221; (Circolo Fotografico Inverigo) &#8211; Sale museali al Castello di Arosio &#8211; <a href=\"https:\/\/segreteria9597.wixsite.com\/la5giorni\/copia-di-portfolio-brigantia-2024\" target=\"_blank\" rel=\"noopener\">www.circolofotograficoinverigo.it<\/a> &#8211; Manifestazione con Riconoscimento FIAF<\/li>\n<li><strong>dal 18 Ottobre al 8 Novembre<\/strong> : Mostra Fotografica Personale &#8220;<strong>SULLA SOGLIA-i luoghi dell&#8217;essere<\/strong>&#8221; di Cinzia Battagliola &#8211; Spazio Contemporanea, Piano terra &#8211; Corsetto S. Agata n. 22 &#8211; Brescia &#8211; Manifestazione con Riconoscimento FIAF<\/li>\n<li><strong>dal 15 al 28<\/strong>: Mostra Fotografica diffusa sul territorio &#8220;<strong>Memorie d&#8217;acqua<\/strong>&#8221; &#8211; Gruppo Fotografico San Paolo &#8211; Rho &#8211; Manifestazione con Riconoscimento FIAF<\/li>\n<li><strong>12, 19 e 26<\/strong>: Mostra fotografica &#8220;<strong>Foto e poesia<\/strong>&#8221; (Fotoclub La Rotondina) &#8211; Villa Corvini, via Santa Maria 27, Parabiago<\/li>\n<li><strong>dall&#8217;11 al 26<\/strong>: Mostra fotografica collettiva &#8220;<strong>Prospettive incrociate<\/strong>&#8221; (Officina Fotografica) &#8211; Biblioteca Tilane Paderno Dugnano &#8211; Manifestazione con Riconoscimento FIAF<\/li>\n<li><strong>dall&#8217;11 al 25<\/strong>: Mostra fotografica &#8220;<strong>Sotto il cielo di Milano<\/strong>&#8221; di Emanuele Span\u00f2 &#8211; presso Mobilgross, piazza IV Novembre, Seveso<\/li>\n<li><strong>dall&#8217;11 al 19<\/strong>: Mostra fotografica a progetto <strong>&#8220;Ambiguit\u00e0-13 interpretazioni&#8221;\u00a0<\/strong>(Gruppo Fotografico Click-Flero &#8211; BFI) &#8211; Palazzo Loda-Calzaveglia- Via Umberto I,58-Flero (BS) &#8211; Manifestazione con Riconoscimento FIAF<\/li>\n<li><strong>dal 10 al 26<\/strong>:\u00a0Manifestazione <strong>&#8220;Observa 2025&#8221; <\/strong>presso Castello Oldofredi-Via Mirolte -Iseo (BS) &#8211; <a href=\"https:\/\/www.observastreetphotofestival.com\/\" target=\"_blank\" rel=\"noopener\">www.observastreetphotofestival.com<\/a> &#8211; Manifestazione con Riconoscimento FIAF<\/li>\n<li><strong>dal 10 al 19<\/strong>: Manifestazione fotografica &#8220;<strong>La 5 Giorni &#8211; Imperfezioni<\/strong>&#8221; (Circolo Fotografico Inverigo) &#8211; <a href=\"https:\/\/segreteria9597.wixsite.com\/la5giorni\/copia-di-la-5-giorni-2024\" target=\"_blank\" rel=\"noopener\">www.circolofotograficoinverigo.it<\/a> &#8211; Manifestazione con Riconoscimento FIAF<\/li>\n<li><strong>dal 10 al 19: <\/strong>Mostra fotografica personale<strong>:\u00a0 &#8220;Mare di pianura&#8221; di Alghisi Graziano <\/strong>presso Museo della Citt\u00e0- Piazza Zanardelli- Chiari (BS) &#8211; Manifestazione con Riconoscimento FIAF<\/li>\n<li><strong>dal 5 al 19<\/strong>: Mostra fotografica &#8220;<strong>UNA REALTA&#8217; in-ATTESA<\/strong>&#8221; di Angelo Antronaco (Cizanum) &#8211; Sala delle carrozze del Centro Culturale Villa Marazzi a Cesano Boscone<\/li>\n<li><strong>dal 4 al 26<\/strong>: Manifestazione fotografica &#8220;<strong>MIF-Merate incontra la fotografia<\/strong>&#8221; (Foto libera) &#8211; <a href=\"https:\/\/www.fotolibera.com\/mif\" target=\"_blank\" rel=\"noopener\">www.fotolibera.com\/mif<\/a><\/li>\n<\/ul>\n<h5><strong>Settembre 2025<\/strong><\/h5>\n<ul>\n<li><strong>dal 27 Settembre al 31 Ottobre<\/strong>: Manifestazione fotografica internazionale <strong>&#8220;Oktoberfoto 2025&#8221;<\/strong>\u00a0 &#8211; XVII edizione (Foto Club Varese) &#8211;\u00a0info: <a href=\"https:\/\/www.fotoclubvarese.it\" target=\"_blank\" rel=\"noopener\">www.fotoclubvarese.it<\/a> &#8211; Manifestazione con Riconoscimento FIAF<\/li>\n<li><strong>dal 27 Settembre al 18 Ottobre<\/strong>: Mostra fotografica <strong>&#8220;Uluru, nel cuore dell&#8217;Australia&#8221;<\/strong> di Emilio Senesi &#8211; Presso Biblioteca Parco Sempione, Viale Cervantes, Milano<\/li>\n<li><strong>dal 27 Settembre al 12 Ottobre<\/strong>: Manifestazione Fotografica: <strong>&#8220;Rassegna Fotografica Autori Mantovani FIAF&#8221;<\/strong>\u00a0 &#8211; Presso Villa Mirra, Via Porta Antica n. 32, Cavriana (MN) &#8211; Manifestazione con Riconoscimento FIAF<\/li>\n<li><strong>Gioved\u00ec 18<\/strong>: Rassegna di audiovisivi fotografici &#8220;<strong>Villa Marazzi Photo Festival 2025&#8243;<\/strong> (Cizanum) &#8211; Sala delle carrozze del Centro Culturale Villa Marazzi a Cesano Boscone &#8211; Manifestazione con Riconoscimento FIAF<\/li>\n<li><strong>dal 17<\/strong>: Incontri laboratori <strong>Gruppo Audiovisivi Lombardia. <\/strong>4 serate &#8220;Open Mind&#8221; gratuite e aperte a tutti gli autori. Primo appuntamento in presenza il 17 Settembre alle ore 20:30 presso Circolo di San Donato Milanese, via Unica Bolciano, 2<\/li>\n<li><strong>dal 13 al 14<\/strong>:<strong> Rassegna Fotografica di Immagini e Colori<\/strong> (Fotoclub La Focale) presso Materia spazio libero &#8211; Castronno\u00a0&#8211; Manifestazione con Riconoscimento FIAF<\/li>\n<li><strong>dal 3 Luglio al 12 Settembre<\/strong>: Mostra fotografica &#8220;<strong>Essenze<\/strong>&#8221; di Walter Turcato &#8211; a Milano Manifestazione con Riconoscimento FIAF &#8211; Manifestazione con Riconoscimento FIAF<\/li>\n<li><strong>7a Edizione &#8220;OBSERVA Concorso Fotografico&#8221; Tema: STREET PHOTOGRAPHY, Scadenza 14 settembre 2025, <\/strong>per info e regolamento: <a href=\"https:\/\/www.observastreetphotofestival.com\" target=\"_blank\" rel=\"noopener\">www.observastreetphotofestival.com<\/a><\/li>\n<li><strong>39\u00b0 Citt\u00e0 di Dalmine Concorso Fotografico Nazionale &#8211; Scadenza 21 Settembre 2025 &#8211;<\/strong> info: <a href=\"https:\/\/www.circolofotograficodalmine.it\" target=\"_blank\" rel=\"noopener\">www.circolofotograficodalmine.it<\/a> &#8211; concorso@circolofotograficodalmine.it &#8211; Patrocinio FIAF 2025D4<\/li>\n<\/ul>\n<h5><strong>Agosto 2025<\/strong><\/h5>\n<ul>\n<li><strong>dal 22 Agosto al 1 Settembre<\/strong>: Mostra Fotografica Collettiva Lab Di Cult 212 FIAF <strong>&#8220;Memorie: ci\u00f2 che \u00e8 stato, ci\u00f2 che resta, ci\u00f2 che rester\u00e0&#8221;<\/strong> dei soci del Fotoclub Ombriano Crema (CR)-APS\u00a0 &#8211; Presso Festa dell&#8217; Unit\u00e0 Padiglione della Fotografia, Podere Ombrianello, Crema (CR) &#8211; Manifestazione con Riconoscimento FIAF<\/li>\n<li><strong>7a Edizione &#8220;OBSERVA Concorso Fotografico&#8221; Tema: STREET PHOTOGRAPHY, Scadenza 14 settembre 2025, <\/strong>per info e regolamento: <a href=\"https:\/\/www.observastreetphotofestival.com\" target=\"_blank\" rel=\"noopener\">www.observastreetphotofestival.com<\/a><\/li>\n<li><strong>11\u00b0 Concorso Fotografico &#8220;Franco Bettini&#8221;\u00a0<\/strong> Tema: RIFLESSIONI, in collaborazione con Iseo Immagine, per info e regolamento: <a href=\"https:\/\/www.torbieresebino.it\" target=\"_blank\" rel=\"noopener\">www.torbieresebino.it<\/a><\/li>\n<li><strong>39\u00b0 Citt\u00e0 di Dalmine Concorso Fotografico Nazionale &#8211; Scadenza 21 Settembre 2025 &#8211;<\/strong> info: <a href=\"https:\/\/www.circolofotograficodalmine.it\" target=\"_blank\" rel=\"noopener\">www.circolofotograficodalmine.it<\/a> &#8211; concorso@circolofotograficodalmine.it &#8211; Patrocinio FIAF 2025D4<\/li>\n<li><strong>29 agosto <\/strong>Fotoclub Valtenesi presenta<strong> &#8220;EMOZIONI IN MOVIMENTO&#8221; Proiezione di filmati dei soci dei Fotoclub Bresciani, <\/strong>presso: Cortile di Palazzo Barbieri &#8211; Via Barbieri 3 &#8211; Padenghe sul Garda (BS) per info: <a href=\"https:\/\/info@fotoclubvaltenesi.it\" target=\"_blank\" rel=\"noopener\">info@fotoclubvaltenesi.it<\/a><\/li>\n<li><strong>dal 30 al 31: <\/strong>Mostra Fotografica Collettiva <strong>&#8220;CREMA, VOLTI E PASSIONI: Ritratti di giovani talenti tra quotidianit\u00e0 e sogni&#8221;<\/strong> (Gruppo Fotografico Offanengo) presso Piazza Duomo a Crema &#8211; Manifestazione La sagra della Bertolina &#8211; Manifestazione con Riconoscimento FIAF<\/li>\n<\/ul>\n<h5>Luglio 2025<\/h5>\n<ul>\n<li><strong>dal 5 al 27<\/strong>: Mostra fotografica <strong>&#8220;Spazi Sospesi&#8221;<\/strong> di Lorenzo Rosa, Sandro Bernardinello, Stefano Barattini &#8211; Presso Galleria Fiaf Castello Oldofredi &#8211; Iseo (BS) &#8211; Manifestazione con Riconoscimento FIAF<\/li>\n<li><strong>dal 3 Luglio al 12 Settembre<\/strong>: Mostra fotografica &#8220;<strong>Essenze<\/strong>&#8221; di Walter Turcato &#8211; a Milano Manifestazione con Riconoscimento FIAF &#8211; Manifestazione con Riconoscimento FIAF<\/li>\n<\/ul>\n<h5>Giugno 2025<\/h5>\n<ul>\n<li><strong>Venerd\u00ec 27<\/strong>: Presentazione Contest Fotografico &#8220;<strong>Scatti di luce<\/strong>&#8221; (Fotolibera\/Il Volo) &#8211; a Merate<\/li>\n<li><strong>dal 21 Giugno al 6 Luglio:<\/strong> Mostra fotografica &#8220;<strong>Succede proprio qui<\/strong>&#8221; (Seregno per la Fotografia) &#8211; a Seregno<\/li>\n<li><strong>dall&#8217;8 al 22<\/strong>: Mostra fotografica &#8220;<strong>No photo please<\/strong>&#8221; di Angelo Ferrillo (Cizanum) &#8211; a Cesano Boscone<\/li>\n<li><strong>dal 7 al 22<\/strong>: Mostra fotografica &#8220;<strong>Dettagli Donna<\/strong>&#8221; di Alberto Colognato &#8211; a Iseo<\/li>\n<\/ul>\n<h5>Maggio 2025<\/h5>\n<ul>\n<li><strong>dall&#8217;11 al 18<\/strong>: 25\u00b0 anniversario di FreeCamera (Circolo Freecamera\u00a0di Sesto San Giovanni)<\/li>\n<li><strong>dal 9 al 18<\/strong>: Mostra fotografica &#8220;<strong>Illumina<\/strong>&#8221; (Photoclub Lumezzane) &#8211; a Villa Carcina<\/li>\n<li><strong>Venerd\u00ec 9<\/strong>: <strong>Viaggio in Italia: Una Rivoluzione Etica<\/strong> (Circolo Amici dell\u2019Arte di Villasanta) &#8211; a Villasanta<\/li>\n<\/ul>\n<h5>Aprile 2025<\/h5>\n<ul>\n<li><strong>dal 12 al 27:<\/strong> Mostra fotografica &#8220;<strong>Le luci della citt\u00e0<\/strong>&#8221; (Fotoclub Ombriano Crema) &#8211; a Crema<\/li>\n<li><strong>dal 12 Aprile al 30 Giugno<\/strong>: <strong>Il Mondo in un click<\/strong> &#8211; Corso di fotografia (Associazione Fotografica Contrasto)<\/li>\n<li><strong>Marted\u00ec 8<\/strong>:<strong> Uno sguardo attraverso l&#8217;obiettivo<\/strong> &#8211; interviene Luigi Erba (Circolo Amici dell&#8217;Arte di Villasanta)<\/li>\n<li><strong>Sabato 5<\/strong>: <strong>Convegno Regionale Lombardia Ovest<\/strong> &#8211; Sala Maddalena,\u00a0 Monza<\/li>\n<\/ul>\n\n    <div class=\"xs_social_share_widget xs_share_url after_content \t\tmain_content  wslu-style-1 wslu-share-box-shaped wslu-fill-colored wslu-none wslu-share-horizontal wslu-theme-font-no wslu-main_content\">\n\n\t\t\n        <ul>\n\t\t\t        <\/ul>\n    <\/div> \n","protected":false},"excerpt":{"rendered":"<p>Per l&#8217;aggiornamento delle attivit\u00e0 nel calendario contattare: Pierluigi Pagliardi per Lombardia Ovest, Doretta Gerevini per Lombardia Est Aprile 2026 Venerd\u00ec &hellip;<\/p>\n","protected":false},"author":3,"featured_media":0,"parent":0,"menu_order":0,"comment_status":"closed","ping_status":"closed","template":"","meta":{"_acf_changed":false,"footnotes":""},"class_list":["post-5639","page","type-page","status-publish","hentry"],"acf":[],"_links":{"self":[{"href":"https:\/\/fiaf.net\/lombardia\/wp-json\/wp\/v2\/pages\/5639","targetHints":{"allow":["GET"]}}],"collection":[{"href":"https:\/\/fiaf.net\/lombardia\/wp-json\/wp\/v2\/pages"}],"about":[{"href":"https:\/\/fiaf.net\/lombardia\/wp-json\/wp\/v2\/types\/page"}],"author":[{"embeddable":true,"href":"https:\/\/fiaf.net\/lombardia\/wp-json\/wp\/v2\/users\/3"}],"replies":[{"embeddable":true,"href":"https:\/\/fiaf.net\/lombardia\/wp-json\/wp\/v2\/comments?post=5639"}],"version-history":[{"count":142,"href":"https:\/\/fiaf.net\/lombardia\/wp-json\/wp\/v2\/pages\/5639\/revisions"}],"predecessor-version":[{"id":6352,"href":"https:\/\/fiaf.net\/lombardia\/wp-json\/wp\/v2\/pages\/5639\/revisions\/6352"}],"wp:attachment":[{"href":"https:\/\/fiaf.net\/lombardia\/wp-json\/wp\/v2\/media?parent=5639"}],"curies":[{"name":"wp","href":"https:\/\/api.w.org\/{rel}","templated":true}]}}