{"id":11737,"date":"2021-02-21T16:02:19","date_gmt":"2021-02-21T15:02:19","guid":{"rendered":"https:\/\/fiaf.net\/regioni\/veneto\/?page_id=11737"},"modified":"2021-02-21T16:02:19","modified_gmt":"2021-02-21T15:02:19","slug":"vr-l-immagine","status":"publish","type":"page","link":"https:\/\/fiaf.net\/veneto\/circoli\/vr-l-immagine\/","title":{"rendered":"VR L Immagine"},"content":{"rendered":"<div style=\"width: 40%;float: right;margin-left: 3rem\"><span style=\"color: #0000ff\">VR &#8211; VERONA<br \/>\n(1864) &#8211; GRUPPO FOTOGRAFICO L&#8217;IMMAGINE DLF<br \/>\nAnno fondazione: 1975 &#8211; Soci iscritti FIAF: 1<br \/>\nPresso:<br \/>\nBONAZZI LUCIANO<br \/>\nVIA LICATA 22<br \/>\n37138 VERONA VR<br \/>\nRitrovo:  VIA CAMUZZONI 1   37138 VERONA VR<br \/>\nRiunione: MARTEDI&#8217; ore: 21:00<br \/>\nRecapiti:<br \/>\ntelefono: 3496723305<br \/>\nsito web:<br \/>\nemail: immaginedlfverona@alice.it<br \/>\nCariche:<br \/>\nPresidente: LOPRIENO RAFFAELE,<br \/>\nVice presidente:  ,<br \/>\nSegretario:  <\/span><\/div>\n<p><img loading=\"lazy\" decoding=\"async\" src=\"https:\/\/fiaf.net\/veneto\/wp-content\/uploads\/sites\/7\/2021\/02\/marchio-GF-L-Immagine-VR-150x150.jpg\" alt=\"marchio GF L Immagine VR\" width=\"150\" height=\"150\" class=\"alignleft size-thumbnail wp-image-11738\" \/> Il gruppo fotografico L\u2019IMMAGINE venne fondato nell\u2019anno 1975 su iniziativa di un gruppo di soci del Dopolavoro Ferroviario di Verona.<br \/>\nLo scopo dei soci fondatori, che \u00e8 stato formalizzato nello statuto, \u00e8 di praticare, promuovere e diffondere la fotografia.<br \/>\nL\u2019iniziativa \u00e8 stata accolta con interesse dal D.L.F. che ha messo a disposizione di soci del gruppo una sede presso il parco della Pineta, in via Camuzzoni,1.<br \/>\nLa sede \u00e8 stata fornita delle attrezzature idonee per svolgere tutte le attivit\u00e0 programmate dal gruppo, che si riunisce settimanalmente il marted\u00ec alle ore 21,00.<br \/>\nL\u2019iscrizione al gruppo \u00e8 libera e chiunque pu\u00f2 iscriversi e partecipare e fruire delle attrezzature comuni.<br \/>\nNumerose le attivit\u00e0 che il gruppo ha avuto nel corso degli anni, di cui l\u2019organizzazione di due concorsi Nazionali di fotografia e un concorso intercompartimentale riservato ai ferrovieri, ai familiari ed agli iscritti al D.L.F.<br \/>\nInoltre sono state organizzate molte serate con proiezione di vari autori e soci del gruppo.<br \/>\nCollabora attivamente con altri gruppi fotografici, fra cui lo SCATTO di Garda con cui ha collaborato per l\u2019allestimento e l\u2019organizzazione di un DIAF e del 55\u00b0 Congresso Nazionale della FIAF che si sono svolti a Garda.<br \/>\nOgni anno promuove e partecipa con collettive o personali dei soci a varie mostre fotografiche, fra le quali l\u2019Estate Fotografica di Torri del Benaco.<br \/>\nMolti soci del gruppo hanno ottenuto premi e riconoscimenti a vari Concorsi Nazionali del D.L.F. e della FIAF a cui hanno partecipato.<br \/>\nSono stati invitati insegnanti DAC per corsi,e serate di approfondimento su temi fotografici specifici,e organizzate serate culturali per illustrare le opere di autori famosi.<\/p>\n<hr \/>\n<div id='gallery-1' class='gallery galleryid-11737 gallery-columns-3 gallery-size-medium'><figure class='gallery-item'>\n\t\t\t<div class='gallery-icon landscape'>\n\t\t\t\t<a href='https:\/\/fiaf.net\/veneto\/circoli\/vr-l-immagine\/vr-l-immagine-sede\/'><img loading=\"lazy\" decoding=\"async\" width=\"300\" height=\"200\" src=\"https:\/\/fiaf.net\/veneto\/wp-content\/uploads\/sites\/7\/2021\/02\/VR-L-IMMAGINE-Sede-300x200.jpg\" class=\"attachment-medium size-medium\" alt=\"\" srcset=\"https:\/\/fiaf.net\/veneto\/wp-content\/uploads\/sites\/7\/2021\/02\/VR-L-IMMAGINE-Sede-300x200.jpg 300w, https:\/\/fiaf.net\/veneto\/wp-content\/uploads\/sites\/7\/2021\/02\/VR-L-IMMAGINE-Sede-1024x682.jpg 1024w, https:\/\/fiaf.net\/veneto\/wp-content\/uploads\/sites\/7\/2021\/02\/VR-L-IMMAGINE-Sede-768x512.jpg 768w, https:\/\/fiaf.net\/veneto\/wp-content\/uploads\/sites\/7\/2021\/02\/VR-L-IMMAGINE-Sede-1536x1024.jpg 1536w, https:\/\/fiaf.net\/veneto\/wp-content\/uploads\/sites\/7\/2021\/02\/VR-L-IMMAGINE-Sede.jpg 2000w\" sizes=\"auto, (max-width: 300px) 100vw, 300px\" \/><\/a>\n\t\t\t<\/div><\/figure>\n\t\t<\/div>\n\n\n    <div class=\"xs_social_share_widget xs_share_url after_content \t\tmain_content  wslu-style-1 wslu-share-box-shaped wslu-fill-colored wslu-none wslu-share-horizontal wslu-theme-font-no wslu-main_content\">\n\n\t\t\n        <ul>\n\t\t\t        <\/ul>\n    <\/div> \n","protected":false},"excerpt":{"rendered":"<p>VR &#8211; VERONA (1864) &#8211; GRUPPO FOTOGRAFICO L&#8217;IMMAGINE DLF Anno fondazione: 1975 &#8211; Soci iscritti FIAF: 1 Presso: BONAZZI LUCIANO &hellip;<\/p>\n","protected":false},"author":3,"featured_media":0,"parent":162,"menu_order":0,"comment_status":"closed","ping_status":"closed","template":"","meta":{"_acf_changed":false,"footnotes":""},"class_list":["post-11737","page","type-page","status-publish","hentry"],"acf":[],"_links":{"self":[{"href":"https:\/\/fiaf.net\/veneto\/wp-json\/wp\/v2\/pages\/11737","targetHints":{"allow":["GET"]}}],"collection":[{"href":"https:\/\/fiaf.net\/veneto\/wp-json\/wp\/v2\/pages"}],"about":[{"href":"https:\/\/fiaf.net\/veneto\/wp-json\/wp\/v2\/types\/page"}],"author":[{"embeddable":true,"href":"https:\/\/fiaf.net\/veneto\/wp-json\/wp\/v2\/users\/3"}],"replies":[{"embeddable":true,"href":"https:\/\/fiaf.net\/veneto\/wp-json\/wp\/v2\/comments?post=11737"}],"version-history":[{"count":0,"href":"https:\/\/fiaf.net\/veneto\/wp-json\/wp\/v2\/pages\/11737\/revisions"}],"up":[{"embeddable":true,"href":"https:\/\/fiaf.net\/veneto\/wp-json\/wp\/v2\/pages\/162"}],"wp:attachment":[{"href":"https:\/\/fiaf.net\/veneto\/wp-json\/wp\/v2\/media?parent=11737"}],"curies":[{"name":"wp","href":"https:\/\/api.w.org\/{rel}","templated":true}]}}