{"id":11835,"date":"2021-03-13T15:52:43","date_gmt":"2021-03-13T14:52:43","guid":{"rendered":"https:\/\/fiaf.net\/regioni\/veneto\/?page_id=11835"},"modified":"2021-03-13T15:52:43","modified_gmt":"2021-03-13T14:52:43","slug":"ve-tangenziale","status":"publish","type":"page","link":"https:\/\/fiaf.net\/veneto\/circoli\/ve-tangenziale\/","title":{"rendered":"VE Tangenziale"},"content":{"rendered":"<div style=\"width: 40%;float: right;margin-left: 3rem\"><span style=\"color: #0000ff\">VE &#8211; MESTRE<br \/>\n(1252) &#8211; A.C.F. LA TANGENZIALE &#8211; BFI<br \/>\nAnno fondazione: 1983 &#8211; Soci iscritti FIAF: 17<br \/>\nPresso: VIA GAZZERA ALTA 44<br \/>\n30174 MESTRE VE<br \/>\nRitrovo: C\/O SCUOLA FABIO FILZI VIA GAZZERA ALTA 44 30174 MESTRE VE<br \/>\nRiunione: LUNEDI&#8217; ore: 21:00<br \/>\nRecapiti:<br \/>\ntelefono: 3286379011<br \/>\nsito web: www.acflatangenziale.com<br \/>\nemail: latangenziale@gmail.com<br \/>\nCariche:<br \/>\nPresidente: KEBER GIANCARLO,<br \/>\nVice presidente: PINZONI UMBERTO,<br \/>\nSegretario: BARBIERI MAURIZIO<br \/>\n<\/span><\/div>\n<p>STORIA DELL&#8217; ASSOCIAZIONE CULTURALE FOTOGRAFICA &#8220;LA TANGENZIALE&#8221;<br \/>\nL&#8217;Associazione Culturale Fotografica &#8220;La Tangenziale&#8221; nasce nel 1983 nel territorio <em>della Gazzera<\/em>, prima periferia di Mestre, a seguito di un corso di fotografia per principianti tenuto dal Signor Cotugno Antonio. Il gruppo neocostituito pose come fine del proprio statuto la diffusione della fotografia quale strumento di offerta culturale, aperto a tutti coloro che decidono di cimentarsi in questo ambito amatoriale. Fin da allora l&#8217;ACF ha avuto scambi con molti Fotoclub, con singoli autori locali e non, affermati o meno, adottando la formula &#8220;Ospitare per essere ospitati&#8221;, perch\u00e8 da sempre ha creduto nel valore degli approfondimenti tecnici e culturali, nei dibattiti interni, nelle analisi critiche che contribuiscono in egual modo alla crescita della vita di un Circolo.<br \/>\nNegli anni 1987\/1988 l&#8217;ACF riusc\u00ec ad organizzare due concorsi nazionali di fotografia che riscossero notevole successo. Nell&#8217;anno successivo, 1989, si annovera il gemellaggio con il Nurnberger Photoklub di Norimberga (D), evento molto importante e significativo per la vita del Circolo, tant&#8217;\u00e8 che questa amicizia \u00e8 tuttora presente. Infatti continuano gli scambi culturali e da segnalare \u00e8 sicuramente la grande mostra a tema svoltasi con la partecipazione di entrambi i Circoli. Si fa riferimento all&#8217;ultima tenuta nell&#8217;aprile del 2018 a Norimberga e successivamente a gennaio 2019 a Venezia, nel palazzo Albrizzi Capello, sede del Goethe Institute, dal tema &#8220;Tipicamente italiano- tipicamente tedesco&#8221; che ha ottenuto un significativo successo.<br \/>\nAttualmente si sta collaborando ad un nuovo progetto condiviso che, se la pandemia tuttora in atto avr\u00e0 una tregua, vedr\u00e0 l&#8217;inaugurazione a Norimberga nel settembre 2021. Dal 1989, anno in cui si sono conosciuti gli amici fotografi tedeschi ed anno in cui per celebrare i 100 anni dalla fondazione del loro circolo &#8220;La Tangenziale&#8221; ha organizzato una mostra presso la sala consiliare della Municipalit\u00e0 di Chirignago, ad ora molte altre sono state le occasioni di incontro e scambio, dalla visita annuale nel periodo di carnevale di Venezia di un loro socio onorario, all&#8217;essere ospitati periodicamente con una nostra collettiva nella loro terra (1994\/2000\/2012\/2016\/2018).<br \/>\nNel 1991 \u00e8 da annoverare lo scambio culturale fotografico avvenuto a Mestre presso la galleria Bevilacqua La Masa con la mostra &#8220;Milano effimera&#8221; con il Circolo Fotografico Milanese.<br \/>\nNell&#8217;ambito mestrino inoltre l&#8217;ACF nel corso di tutti questi anni ha potuto farsi conoscere esponendo propri lavori fotografici presso il Centro Culturale Candiani (2003) in occasione dei festeggiamenti per il ventennale dalla fondazione e nel 2013 quando ha celebrato i 30 anni. Nell&#8217;aprile del 2004 c&#8217;\u00e8 stata l&#8217;esposizione presso il Centro Culturale &#8220;S. Maria delle Grazie&#8221; e nel 2005 \u00e8 stata la volta delle manifestazioni prima presso la Galleria &#8220;Contemporaneo&#8221; e successivamente nella Torre Civica di Piazza Ferretto in occasione dei 25 anni di attivit\u00e0; nel 2009 presso Villa Toniolo con la mostra &#8220;La Tangenziale guarda Mestre&#8221; e nel 2019 con il tema &#8220;Mignon&#8221;, prima della chiusura per pandemia di tutti i luoghi espositivi, l&#8217;ultima esposizione in territorio mestrino \u00e8 stata presentata nell&#8217;ex Provvederia.<br \/>\nAnnualmente, finch\u00e8 non c&#8217;\u00e8 stato lo stop forzato, l&#8217;ACF ha esposto presso Villa Pozzi, nella Municipalit\u00e0 Chirignago Zelarino presso cui ha il locale dove si incontra per le riunioni, con una mostra collettiva sociale di fine anno a dicembre inserita nella manifestazione &#8220;Citt\u00e0 in Festa&#8221; e a giugno nell&#8217;ambito della manifestazione organizzata dai Commercianti del territorio &#8220;Notte rosa&#8221;allestendo sempre una mostra a tema e per pi\u00f9 anni consecutivi anche dei Photocontest che hanno visto l&#8217;inserimento anche di altri linguaggi culturali come la musica, la poesia e il teatro. La collaborazione con la Municipalit\u00e0 \u00e8 per l&#8217;Associazione da sempre un punto di forza ed \u00e8 presente in ogni programmazione culturale annuale proposta. Dalla fine del 2012 inoltre il Circolo fa parte del Forum delle Associazioni della Municipalit\u00e0. L&#8217;ACF si \u00e8 anche spinta fuori dal proprio territorio esponendo a Venezia presso gli spazi della Cassa di Risparmio (2004), a Marghera presso l&#8217;Auditorium Monteverdi (1998\/2008); a Marcon presso il Centro Culturale De&#8217; Andr\u00e8 (2010\/2015) e presso il Centro Commerciale Valecenter per una Expo sul cibo (2015); a Zelarino presso il Forte Mezzacapo (2016) per una mostra in collaborazione con altri gruppi artistici del territorio; a Mogliano Veneto presso il Brolo (2013) nella rassegna fotografica dedicata; a Noale presso il Palazzo della Loggia nel 2017 con una mostra a tema e nell&#8217;anno successivo (2018) per celebrare i 35 anni di attivit\u00e0 dalla fondazione; a Dolo (2018) per una mostra a tema organizzata dalla FIAF.<br \/>\nFin dalla sua fondazione l&#8217;ACF ha aderito alla FIAF, Federazione Italiana Arti Fotografiche, e nel 2015 \u00e8 stata insignita dell&#8217;onorificenza BFI, Benemerito della Fotografia Italiana. Inoltre l&#8217;Associazione annovera tra i suoi iscritti dei soci onorari: Cotugno Antonio nel 2008 come Presidente Onorario nonch\u00e8 Socio Fondatore.Nel 2008 Kamionka Horst fotografo tedesco del Nurnberger Photoklub; nel 2009 Frattini Augusto fotografo veronese naturalizzato mestrino; nel 2019 Manfroi Manfredo, Presidente Onorario del Circolo Fotografico &#8220;La Gondola&#8221; di Venezia.<br \/>\nL&#8217;ACF dispone di un proprio Archivio fotografico che al momento conta circa 1600 opere.<br \/>\nDalla primavera del 2020, data che ha segnato lo scoppio della pandemia da coronavirus, l&#8217;ACF si \u00e8 riorganizzata con incontri su piattaforma virtuale (Zoom) riuscendo a mantenere l&#8217;incontro settimanale del luned\u00ec sera ed incrementando il numero di soci; non \u00e8 certamente la stessa cosa che il ritrovarsi in presenza, ma poich\u00e8 bisogna sempre trarre il meglio da ci\u00f2 che la situazione offre, c&#8217;\u00e8 da dire che si sono organizzati numerosi incontri con l&#8217;autore, sempre molto seguiti ed apprezzati; si sono organizzati concorsi interni con giuria esterna; si condividono foto ed anche alcuni video dei soci; si aprono discussioni ed approfondimenti molto interessanti; si pubblica periodicamente a cadenza mensile l&#8217;Eco, notiziario dell&#8217;ACF ricco di editoriali, interviste, approfondimenti tecnici, relazioni&#8230;. che viene diffuso online.<br \/>\nL&#8217;ACF \u00e8 anche sui canali social, Facebook, Instagram e dispone di un proprio sito. A gennaio 2021 c&#8217;\u00e8 stata la collaborazione con la Municipalit\u00e0 Mestre Carpenedo per la Giornata della Memoria con un video prodotto in proprio e disponibile pure nel sito del Comune.<br \/>\n12 Marzo 2021<br \/>\n&nbsp;<\/p>\n<hr \/>\n<div id='gallery-1' class='gallery galleryid-11835 gallery-columns-3 gallery-size-medium'><figure class='gallery-item'>\n\t\t\t<div class='gallery-icon landscape'>\n\t\t\t\t<a href='https:\/\/fiaf.net\/veneto\/circoli\/ve-tangenziale\/ve-tangenziale-01-sonia-piovesan-esposta-al-10mo-gazzera-1993\/'><img loading=\"lazy\" decoding=\"async\" width=\"300\" height=\"226\" src=\"https:\/\/fiaf.net\/veneto\/wp-content\/uploads\/sites\/7\/2021\/03\/VE-Tangenziale-01-Sonia-Piovesan-esposta-al-10mo-Gazzera-1993-300x226.jpg\" class=\"attachment-medium size-medium\" alt=\"\" srcset=\"https:\/\/fiaf.net\/veneto\/wp-content\/uploads\/sites\/7\/2021\/03\/VE-Tangenziale-01-Sonia-Piovesan-esposta-al-10mo-Gazzera-1993-300x226.jpg 300w, https:\/\/fiaf.net\/veneto\/wp-content\/uploads\/sites\/7\/2021\/03\/VE-Tangenziale-01-Sonia-Piovesan-esposta-al-10mo-Gazzera-1993-1024x770.jpg 1024w, https:\/\/fiaf.net\/veneto\/wp-content\/uploads\/sites\/7\/2021\/03\/VE-Tangenziale-01-Sonia-Piovesan-esposta-al-10mo-Gazzera-1993-768x577.jpg 768w, https:\/\/fiaf.net\/veneto\/wp-content\/uploads\/sites\/7\/2021\/03\/VE-Tangenziale-01-Sonia-Piovesan-esposta-al-10mo-Gazzera-1993-1536x1155.jpg 1536w, https:\/\/fiaf.net\/veneto\/wp-content\/uploads\/sites\/7\/2021\/03\/VE-Tangenziale-01-Sonia-Piovesan-esposta-al-10mo-Gazzera-1993.jpg 1757w\" sizes=\"auto, (max-width: 300px) 100vw, 300px\" \/><\/a>\n\t\t\t<\/div><\/figure><figure class='gallery-item'>\n\t\t\t<div class='gallery-icon landscape'>\n\t\t\t\t<a href='https:\/\/fiaf.net\/veneto\/circoli\/ve-tangenziale\/ve-tangenziale-02-giancarlo-keber-esposta-al-20mo-candiani-2003\/'><img loading=\"lazy\" decoding=\"async\" width=\"300\" height=\"192\" src=\"https:\/\/fiaf.net\/veneto\/wp-content\/uploads\/sites\/7\/2021\/03\/VE-Tangenziale-02-Giancarlo-Keber-esposta-al-20mo-Candiani-2003-300x192.jpg\" class=\"attachment-medium size-medium\" alt=\"\" srcset=\"https:\/\/fiaf.net\/veneto\/wp-content\/uploads\/sites\/7\/2021\/03\/VE-Tangenziale-02-Giancarlo-Keber-esposta-al-20mo-Candiani-2003-300x192.jpg 300w, https:\/\/fiaf.net\/veneto\/wp-content\/uploads\/sites\/7\/2021\/03\/VE-Tangenziale-02-Giancarlo-Keber-esposta-al-20mo-Candiani-2003-1024x654.jpg 1024w, https:\/\/fiaf.net\/veneto\/wp-content\/uploads\/sites\/7\/2021\/03\/VE-Tangenziale-02-Giancarlo-Keber-esposta-al-20mo-Candiani-2003-768x490.jpg 768w, https:\/\/fiaf.net\/veneto\/wp-content\/uploads\/sites\/7\/2021\/03\/VE-Tangenziale-02-Giancarlo-Keber-esposta-al-20mo-Candiani-2003-1536x981.jpg 1536w, https:\/\/fiaf.net\/veneto\/wp-content\/uploads\/sites\/7\/2021\/03\/VE-Tangenziale-02-Giancarlo-Keber-esposta-al-20mo-Candiani-2003.jpg 1887w\" sizes=\"auto, (max-width: 300px) 100vw, 300px\" \/><\/a>\n\t\t\t<\/div><\/figure><figure class='gallery-item'>\n\t\t\t<div class='gallery-icon portrait'>\n\t\t\t\t<a href='https:\/\/fiaf.net\/veneto\/circoli\/ve-tangenziale\/ve-tangenziale-03-roberto-alberti-esposta-al-25mo-marghera-2008\/'><img loading=\"lazy\" decoding=\"async\" width=\"232\" height=\"300\" src=\"https:\/\/fiaf.net\/veneto\/wp-content\/uploads\/sites\/7\/2021\/03\/VE-Tangenziale-03-Roberto-Alberti-esposta-al-25mo-Marghera-2008-232x300.jpg\" class=\"attachment-medium size-medium\" alt=\"\" srcset=\"https:\/\/fiaf.net\/veneto\/wp-content\/uploads\/sites\/7\/2021\/03\/VE-Tangenziale-03-Roberto-Alberti-esposta-al-25mo-Marghera-2008-232x300.jpg 232w, https:\/\/fiaf.net\/veneto\/wp-content\/uploads\/sites\/7\/2021\/03\/VE-Tangenziale-03-Roberto-Alberti-esposta-al-25mo-Marghera-2008-792x1024.jpg 792w, https:\/\/fiaf.net\/veneto\/wp-content\/uploads\/sites\/7\/2021\/03\/VE-Tangenziale-03-Roberto-Alberti-esposta-al-25mo-Marghera-2008-768x993.jpg 768w, https:\/\/fiaf.net\/veneto\/wp-content\/uploads\/sites\/7\/2021\/03\/VE-Tangenziale-03-Roberto-Alberti-esposta-al-25mo-Marghera-2008.jpg 900w\" sizes=\"auto, (max-width: 232px) 100vw, 232px\" \/><\/a>\n\t\t\t<\/div><\/figure><figure class='gallery-item'>\n\t\t\t<div class='gallery-icon portrait'>\n\t\t\t\t<a href='https:\/\/fiaf.net\/veneto\/circoli\/ve-tangenziale\/ve-tangenziale-04-zeno-trevisiol-esposta-al-30mo-candiani-2013\/'><img loading=\"lazy\" decoding=\"async\" width=\"208\" height=\"300\" src=\"https:\/\/fiaf.net\/veneto\/wp-content\/uploads\/sites\/7\/2021\/03\/VE-Tangenziale-04-Zeno-Trevisiol-esposta-al-30mo-Candiani-2013-208x300.jpg\" class=\"attachment-medium size-medium\" alt=\"\" srcset=\"https:\/\/fiaf.net\/veneto\/wp-content\/uploads\/sites\/7\/2021\/03\/VE-Tangenziale-04-Zeno-Trevisiol-esposta-al-30mo-Candiani-2013-208x300.jpg 208w, https:\/\/fiaf.net\/veneto\/wp-content\/uploads\/sites\/7\/2021\/03\/VE-Tangenziale-04-Zeno-Trevisiol-esposta-al-30mo-Candiani-2013-710x1024.jpg 710w, https:\/\/fiaf.net\/veneto\/wp-content\/uploads\/sites\/7\/2021\/03\/VE-Tangenziale-04-Zeno-Trevisiol-esposta-al-30mo-Candiani-2013-768x1107.jpg 768w, https:\/\/fiaf.net\/veneto\/wp-content\/uploads\/sites\/7\/2021\/03\/VE-Tangenziale-04-Zeno-Trevisiol-esposta-al-30mo-Candiani-2013.jpg 853w\" sizes=\"auto, (max-width: 208px) 100vw, 208px\" \/><\/a>\n\t\t\t<\/div><\/figure><figure class='gallery-item'>\n\t\t\t<div class='gallery-icon landscape'>\n\t\t\t\t<a href='https:\/\/fiaf.net\/veneto\/circoli\/ve-tangenziale\/ve-tangenziale-05-umberto-vio-esposta-al-30mo-candiani-2013\/'><img loading=\"lazy\" decoding=\"async\" width=\"300\" height=\"225\" src=\"https:\/\/fiaf.net\/veneto\/wp-content\/uploads\/sites\/7\/2021\/03\/VE-Tangenziale-05-Umberto-Vio-esposta-al-30mo-Candiani-2013-300x225.jpg\" class=\"attachment-medium size-medium\" alt=\"\" srcset=\"https:\/\/fiaf.net\/veneto\/wp-content\/uploads\/sites\/7\/2021\/03\/VE-Tangenziale-05-Umberto-Vio-esposta-al-30mo-Candiani-2013-300x225.jpg 300w, https:\/\/fiaf.net\/veneto\/wp-content\/uploads\/sites\/7\/2021\/03\/VE-Tangenziale-05-Umberto-Vio-esposta-al-30mo-Candiani-2013-1024x768.jpg 1024w, https:\/\/fiaf.net\/veneto\/wp-content\/uploads\/sites\/7\/2021\/03\/VE-Tangenziale-05-Umberto-Vio-esposta-al-30mo-Candiani-2013-768x576.jpg 768w, https:\/\/fiaf.net\/veneto\/wp-content\/uploads\/sites\/7\/2021\/03\/VE-Tangenziale-05-Umberto-Vio-esposta-al-30mo-Candiani-2013.jpg 1183w\" sizes=\"auto, (max-width: 300px) 100vw, 300px\" \/><\/a>\n\t\t\t<\/div><\/figure><figure class='gallery-item'>\n\t\t\t<div class='gallery-icon landscape'>\n\t\t\t\t<a href='https:\/\/fiaf.net\/veneto\/circoli\/ve-tangenziale\/ve-tangenziale-06-umberto-pinzoni-esposta-al-35mo-noale-2018\/'><img loading=\"lazy\" decoding=\"async\" width=\"300\" height=\"200\" src=\"https:\/\/fiaf.net\/veneto\/wp-content\/uploads\/sites\/7\/2021\/03\/VE-Tangenziale-06-Umberto-Pinzoni-esposta-al-35mo-Noale-2018-300x200.jpg\" class=\"attachment-medium size-medium\" alt=\"\" srcset=\"https:\/\/fiaf.net\/veneto\/wp-content\/uploads\/sites\/7\/2021\/03\/VE-Tangenziale-06-Umberto-Pinzoni-esposta-al-35mo-Noale-2018-300x200.jpg 300w, https:\/\/fiaf.net\/veneto\/wp-content\/uploads\/sites\/7\/2021\/03\/VE-Tangenziale-06-Umberto-Pinzoni-esposta-al-35mo-Noale-2018-1024x683.jpg 1024w, https:\/\/fiaf.net\/veneto\/wp-content\/uploads\/sites\/7\/2021\/03\/VE-Tangenziale-06-Umberto-Pinzoni-esposta-al-35mo-Noale-2018-768x512.jpg 768w, https:\/\/fiaf.net\/veneto\/wp-content\/uploads\/sites\/7\/2021\/03\/VE-Tangenziale-06-Umberto-Pinzoni-esposta-al-35mo-Noale-2018.jpg 1253w\" sizes=\"auto, (max-width: 300px) 100vw, 300px\" \/><\/a>\n\t\t\t<\/div><\/figure><figure class='gallery-item'>\n\t\t\t<div class='gallery-icon landscape'>\n\t\t\t\t<a href='https:\/\/fiaf.net\/veneto\/circoli\/ve-tangenziale\/ve-tangenziale-07-michela-peruzza-noale-2017-in-movimento\/'><img loading=\"lazy\" decoding=\"async\" width=\"300\" height=\"200\" src=\"https:\/\/fiaf.net\/veneto\/wp-content\/uploads\/sites\/7\/2021\/03\/VE-Tangenziale-07-Michela-Peruzza-Noale-2017-In-Movimento-300x200.jpg\" class=\"attachment-medium size-medium\" alt=\"\" srcset=\"https:\/\/fiaf.net\/veneto\/wp-content\/uploads\/sites\/7\/2021\/03\/VE-Tangenziale-07-Michela-Peruzza-Noale-2017-In-Movimento-300x200.jpg 300w, https:\/\/fiaf.net\/veneto\/wp-content\/uploads\/sites\/7\/2021\/03\/VE-Tangenziale-07-Michela-Peruzza-Noale-2017-In-Movimento-1024x683.jpg 1024w, https:\/\/fiaf.net\/veneto\/wp-content\/uploads\/sites\/7\/2021\/03\/VE-Tangenziale-07-Michela-Peruzza-Noale-2017-In-Movimento-768x512.jpg 768w, https:\/\/fiaf.net\/veneto\/wp-content\/uploads\/sites\/7\/2021\/03\/VE-Tangenziale-07-Michela-Peruzza-Noale-2017-In-Movimento.jpg 1255w\" sizes=\"auto, (max-width: 300px) 100vw, 300px\" \/><\/a>\n\t\t\t<\/div><\/figure><figure class='gallery-item'>\n\t\t\t<div class='gallery-icon landscape'>\n\t\t\t\t<a href='https:\/\/fiaf.net\/veneto\/circoli\/ve-tangenziale\/ve-tangenziale-08-rosario-de-blasi-norimberga-2018-venezia-2019\/'><img loading=\"lazy\" decoding=\"async\" width=\"300\" height=\"200\" src=\"https:\/\/fiaf.net\/veneto\/wp-content\/uploads\/sites\/7\/2021\/03\/VE-Tangenziale-08-Rosario-De-Blasi-Norimberga-2018-Venezia-2019-300x200.jpg\" class=\"attachment-medium size-medium\" alt=\"\" srcset=\"https:\/\/fiaf.net\/veneto\/wp-content\/uploads\/sites\/7\/2021\/03\/VE-Tangenziale-08-Rosario-De-Blasi-Norimberga-2018-Venezia-2019-300x200.jpg 300w, https:\/\/fiaf.net\/veneto\/wp-content\/uploads\/sites\/7\/2021\/03\/VE-Tangenziale-08-Rosario-De-Blasi-Norimberga-2018-Venezia-2019-1024x682.jpg 1024w, https:\/\/fiaf.net\/veneto\/wp-content\/uploads\/sites\/7\/2021\/03\/VE-Tangenziale-08-Rosario-De-Blasi-Norimberga-2018-Venezia-2019-768x512.jpg 768w, https:\/\/fiaf.net\/veneto\/wp-content\/uploads\/sites\/7\/2021\/03\/VE-Tangenziale-08-Rosario-De-Blasi-Norimberga-2018-Venezia-2019.jpg 1276w\" sizes=\"auto, (max-width: 300px) 100vw, 300px\" \/><\/a>\n\t\t\t<\/div><\/figure><figure class='gallery-item'>\n\t\t\t<div class='gallery-icon landscape'>\n\t\t\t\t<a href='https:\/\/fiaf.net\/veneto\/circoli\/ve-tangenziale\/ve-tangenziale-09-mara-zancanaro-ex-provvederia-mestre-2019\/'><img loading=\"lazy\" decoding=\"async\" width=\"300\" height=\"200\" src=\"https:\/\/fiaf.net\/veneto\/wp-content\/uploads\/sites\/7\/2021\/03\/VE-Tangenziale-09-Mara-Zancanaro-Ex-Provvederia-Mestre-2019-300x200.jpg\" class=\"attachment-medium size-medium\" alt=\"\" srcset=\"https:\/\/fiaf.net\/veneto\/wp-content\/uploads\/sites\/7\/2021\/03\/VE-Tangenziale-09-Mara-Zancanaro-Ex-Provvederia-Mestre-2019-300x200.jpg 300w, https:\/\/fiaf.net\/veneto\/wp-content\/uploads\/sites\/7\/2021\/03\/VE-Tangenziale-09-Mara-Zancanaro-Ex-Provvederia-Mestre-2019-768x512.jpg 768w, https:\/\/fiaf.net\/veneto\/wp-content\/uploads\/sites\/7\/2021\/03\/VE-Tangenziale-09-Mara-Zancanaro-Ex-Provvederia-Mestre-2019.jpg 1023w\" sizes=\"auto, (max-width: 300px) 100vw, 300px\" \/><\/a>\n\t\t\t<\/div><\/figure><figure class='gallery-item'>\n\t\t\t<div class='gallery-icon landscape'>\n\t\t\t\t<a href='https:\/\/fiaf.net\/veneto\/circoli\/ve-tangenziale\/ve-tangenziale-10-maurizio-barbieri-la-notte-2020\/'><img loading=\"lazy\" decoding=\"async\" width=\"300\" height=\"200\" src=\"https:\/\/fiaf.net\/veneto\/wp-content\/uploads\/sites\/7\/2021\/03\/VE-Tangenziale-10-Maurizio-Barbieri-La-notte-2020-300x200.jpg\" class=\"attachment-medium size-medium\" alt=\"\" srcset=\"https:\/\/fiaf.net\/veneto\/wp-content\/uploads\/sites\/7\/2021\/03\/VE-Tangenziale-10-Maurizio-Barbieri-La-notte-2020-300x200.jpg 300w, https:\/\/fiaf.net\/veneto\/wp-content\/uploads\/sites\/7\/2021\/03\/VE-Tangenziale-10-Maurizio-Barbieri-La-notte-2020-1024x683.jpg 1024w, https:\/\/fiaf.net\/veneto\/wp-content\/uploads\/sites\/7\/2021\/03\/VE-Tangenziale-10-Maurizio-Barbieri-La-notte-2020-768x512.jpg 768w, https:\/\/fiaf.net\/veneto\/wp-content\/uploads\/sites\/7\/2021\/03\/VE-Tangenziale-10-Maurizio-Barbieri-La-notte-2020.jpg 1254w\" sizes=\"auto, (max-width: 300px) 100vw, 300px\" \/><\/a>\n\t\t\t<\/div><\/figure><figure class='gallery-item'>\n\t\t\t<div class='gallery-icon landscape'>\n\t\t\t\t<a href='https:\/\/fiaf.net\/veneto\/circoli\/ve-tangenziale\/ve-tangenziale-11-gabriele-luchetti-concorso-natura-2021\/'><img loading=\"lazy\" decoding=\"async\" width=\"300\" height=\"300\" src=\"https:\/\/fiaf.net\/veneto\/wp-content\/uploads\/sites\/7\/2021\/03\/VE-Tangenziale-11-Gabriele-Luchetti-Concorso-Natura-2021-300x300.jpg\" class=\"attachment-medium size-medium\" alt=\"\" srcset=\"https:\/\/fiaf.net\/veneto\/wp-content\/uploads\/sites\/7\/2021\/03\/VE-Tangenziale-11-Gabriele-Luchetti-Concorso-Natura-2021-300x300.jpg 300w, https:\/\/fiaf.net\/veneto\/wp-content\/uploads\/sites\/7\/2021\/03\/VE-Tangenziale-11-Gabriele-Luchetti-Concorso-Natura-2021-150x150.jpg 150w, https:\/\/fiaf.net\/veneto\/wp-content\/uploads\/sites\/7\/2021\/03\/VE-Tangenziale-11-Gabriele-Luchetti-Concorso-Natura-2021-768x768.jpg 768w, https:\/\/fiaf.net\/veneto\/wp-content\/uploads\/sites\/7\/2021\/03\/VE-Tangenziale-11-Gabriele-Luchetti-Concorso-Natura-2021.jpg 837w\" sizes=\"auto, (max-width: 300px) 100vw, 300px\" \/><\/a>\n\t\t\t<\/div><\/figure>\n\t\t<\/div>\n\n\n    <div class=\"xs_social_share_widget xs_share_url after_content \t\tmain_content  wslu-style-1 wslu-share-box-shaped wslu-fill-colored wslu-none wslu-share-horizontal wslu-theme-font-no wslu-main_content\">\n\n\t\t\n        <ul>\n\t\t\t        <\/ul>\n    <\/div> \n","protected":false},"excerpt":{"rendered":"<p>VE &#8211; MESTRE (1252) &#8211; A.C.F. LA TANGENZIALE &#8211; BFI Anno fondazione: 1983 &#8211; Soci iscritti FIAF: 17 Presso: VIA &hellip;<\/p>\n","protected":false},"author":3,"featured_media":0,"parent":162,"menu_order":0,"comment_status":"closed","ping_status":"closed","template":"","meta":{"_acf_changed":false,"footnotes":""},"class_list":["post-11835","page","type-page","status-publish","hentry"],"acf":[],"_links":{"self":[{"href":"https:\/\/fiaf.net\/veneto\/wp-json\/wp\/v2\/pages\/11835","targetHints":{"allow":["GET"]}}],"collection":[{"href":"https:\/\/fiaf.net\/veneto\/wp-json\/wp\/v2\/pages"}],"about":[{"href":"https:\/\/fiaf.net\/veneto\/wp-json\/wp\/v2\/types\/page"}],"author":[{"embeddable":true,"href":"https:\/\/fiaf.net\/veneto\/wp-json\/wp\/v2\/users\/3"}],"replies":[{"embeddable":true,"href":"https:\/\/fiaf.net\/veneto\/wp-json\/wp\/v2\/comments?post=11835"}],"version-history":[{"count":0,"href":"https:\/\/fiaf.net\/veneto\/wp-json\/wp\/v2\/pages\/11835\/revisions"}],"up":[{"embeddable":true,"href":"https:\/\/fiaf.net\/veneto\/wp-json\/wp\/v2\/pages\/162"}],"wp:attachment":[{"href":"https:\/\/fiaf.net\/veneto\/wp-json\/wp\/v2\/media?parent=11835"}],"curies":[{"name":"wp","href":"https:\/\/api.w.org\/{rel}","templated":true}]}}