{"id":17311,"date":"2025-12-24T12:00:56","date_gmt":"2025-12-24T11:00:56","guid":{"rendered":"https:\/\/fiaf.net\/veneto\/?page_id=17311"},"modified":"2025-12-24T14:55:34","modified_gmt":"2025-12-24T13:55:34","slug":"riconoscimenti-2025","status":"publish","type":"page","link":"https:\/\/fiaf.net\/veneto\/riconoscimenti-2025\/","title":{"rendered":"Riconoscimenti 2025"},"content":{"rendered":"<p><img loading=\"lazy\" decoding=\"async\" class=\"size-medium wp-image-16258 aligncenter\" src=\"https:\/\/fiaf.net\/veneto\/wp-content\/uploads\/sites\/7\/2024\/03\/LOGO-FIAF-ETS_vert-positivo-214x300.jpg\" alt=\"\" width=\"214\" height=\"300\" srcset=\"https:\/\/fiaf.net\/veneto\/wp-content\/uploads\/sites\/7\/2024\/03\/LOGO-FIAF-ETS_vert-positivo-214x300.jpg 214w, https:\/\/fiaf.net\/veneto\/wp-content\/uploads\/sites\/7\/2024\/03\/LOGO-FIAF-ETS_vert-positivo-731x1024.jpg 731w, https:\/\/fiaf.net\/veneto\/wp-content\/uploads\/sites\/7\/2024\/03\/LOGO-FIAF-ETS_vert-positivo-768x1075.jpg 768w, https:\/\/fiaf.net\/veneto\/wp-content\/uploads\/sites\/7\/2024\/03\/LOGO-FIAF-ETS_vert-positivo-1097x1536.jpg 1097w, https:\/\/fiaf.net\/veneto\/wp-content\/uploads\/sites\/7\/2024\/03\/LOGO-FIAF-ETS_vert-positivo-1463x2048.jpg 1463w, https:\/\/fiaf.net\/veneto\/wp-content\/uploads\/sites\/7\/2024\/03\/LOGO-FIAF-ETS_vert-positivo-scaled.jpg 1828w\" sizes=\"auto, (max-width: 214px) 100vw, 214px\" \/><\/p>\n<h1 style=\"text-align: center;\">Riconoscimenti 2025<\/h1>\n<p>Aggiornato fino al 24 dicembre 2025 &#8211; l&#8217;ordine mette in testa il pi\u00f9 recente<\/p>\n<ul>\n<li><strong>Riconoscimento FIAF F57\/2025<\/strong><br \/>\norganizzato da te\/voi<br \/>\npotrebbe essere il tuo, perch\u00e9 no?<br \/>\n<a href=\"https:\/\/fiaf.net\/richieste-e-moduli-patrocinio-o-riconoscimento-fiaf\/\" rel=\"nofollow\">Regolamento Richieste riconoscimento\u00a0<\/a><br \/>\n_<\/li>\n<li><strong>Riconoscimento FIAF F56\/2025<\/strong><br \/>\norganizzato dal <strong>Fotoclub il Punto Focale<\/strong> e CRAIM Vicenza<br \/>\n<strong>corso riconosciuto &#8211; SCATTA! Corso di fotografia base 2026<\/strong><br \/>\npresso Sede CRAIM &#8211; Via Pedemuro San Biagio &#8211; Vicenza<br \/>\ndal 23 marzo al 23 maggio 2026<br \/>\n_<\/li>\n<li><strong>Riconoscimento FIAF F55\/2025<\/strong><br \/>\norganizzato da <strong>Andrea Zaccarelli Amici della FIAF<br \/>\n<\/strong>mostra personale <strong>Magico Inverno di Paolo Croci<\/strong><br \/>\npresso Bistrot de Venise &#8211; Calle dei Fabbri 4585 &#8211; Sestriere San Marco &#8211; Venezia<br \/>\ndal 10 al 22 gennaio 2026<br \/>\n_<\/li>\n<li><strong>Riconoscimento FIAF F54\/2025<\/strong><br \/>\norganizzato da <strong>Associazione Culturale Ezzelino Fotoclub<\/strong><br \/>\n<strong>corso riconosciuto &#8211; 41\u00b0 Corso di Fotografia Base 2026<\/strong><br \/>\npresso Sede &#8211; via Velo 65 &#8211; Romano d&#8217;Ezzelino VI<br \/>\ndal 19 dicembre 2025 al 7 aprile 2026<br \/>\n_<\/li>\n<li><strong>Riconoscimento FIAF F53\/2025<\/strong><br \/>\norganizzato da <strong>Associazione Culturale Fotografica La Tangenziale BFI<br \/>\ncorso riconosciuto &#8211; 19\u00b0 Corso Base di fotografia<br \/>\n<\/strong>presso Ex scuola Fabio Filzi &#8211; via Gazzera Alta 44 &#8211; Mestre Venezia<br \/>\ndal 16 gennaio al13 marzo 2026<br \/>\n_<\/li>\n<li><strong>Riconoscimento FIAF F52\/2025<\/strong><br \/>\norganizzato da <strong>Venetofotografia APS<\/strong><br \/>\nmostra collettiva <strong>Nascosta in piena vista <\/strong>dei <strong>Soci Circolo<\/strong><br \/>\npresso palazzo dei Trecento &#8211; Treviso<br \/>\ndal 9 al 25 gennaio 2026<br \/>\n_<\/li>\n<li>Riconoscimento FIAF F51\/2025<br \/>\norganizzato da<br \/>\nmostra<br \/>\npresso<br \/>\ndal al<br \/>\n_<\/li>\n<li><strong>Riconoscimento FIAF F50\/2025<\/strong><br \/>\norganizzato da <strong>Gruppo Fotografico Antenore<\/strong> e <strong>ProMovies<\/strong> e <strong>Dip.Audiovisivi<\/strong> e <strong>Gruppo Audiovisivi Triveneto<\/strong><br \/>\nmanifestazione <strong>Racconti di luce e memoria\u00a0<\/strong><br \/>\npresso Fronte del Porto FilmClub &#8211; via Santa Maria Assunta, 20 &#8211; Padova<br \/>\nil 9 dicembre 2025<br \/>\n_<\/li>\n<li><strong>Riconoscimento FIAF F49 2025<\/strong><br \/>\norganizzato da <strong>Associazione Culturale Rosa dei Colli \/ Maria Rosa Montemezzo<br \/>\n<\/strong>manifestazione <strong>Rovolon Fotografia &#8211; 11ma edizione<br \/>\n<\/strong>presso Esercizi commerciali di Rovolon PD e Sala Il bucaneve a Carbonara PD<br \/>\ndal 14 dicembre 2025 fino al 25 gennaio 2026<br \/>\n_<\/li>\n<li><strong>Riconoscimento FIAF F48 2025<\/strong><br \/>\norganizzato da <strong>Fotoclub Adria APS BFI<\/strong> e Rovolon Fotografia<br \/>\nmostra personale <strong>Alberi Grafici<\/strong> del socio <strong>Luigi Fazzi<\/strong><br \/>\npresso Panificio Zancan &#8211; via Ponte Tezze &#8211; Bastia di Rovolon PD<br \/>\ndal 14 dicembre 2025 fino al 25 gennaio 2026<br \/>\n_<\/li>\n<li><strong>Riconoscimento FIAF F47 2025<\/strong><br \/>\norganizzato da <strong>Fotoclub Cavarzere BFI<\/strong><br \/>\nmostra collettiva <strong>Il Colore Dominante<\/strong> dei <strong>Soci Circolo<\/strong><br \/>\npresso Palazzo Danielato via Roma 8 &#8211; Cavarzere VE<br \/>\ndal 7 al 17 dicembre 2025<br \/>\n_<\/li>\n<li><strong>Riconoscimento FIAF F46 2025<\/strong><br \/>\norganizzato da <strong>Circolo Fotografico Vicenza BFI<\/strong><br \/>\nmanifestazione serata con autore <b>Robet Mappelthope<\/b> presentato da <strong>Rossana Ottofaro<br \/>\n<\/strong>presso Circoscrizione 2 Vicenza &#8211; via Enrico de Nicola 8 &#8211; Vicenza<br \/>\nl&#8217;11 novembre 2025<br \/>\n_<\/li>\n<li><strong>Riconoscimento FIAF F45 2025<\/strong><br \/>\norganizzato da <strong>Circolo Fotografico Vicenza BFI<\/strong><br \/>\nmanifestazione serata con autore <strong>La mia musa<\/strong> e <strong>Passi senza musica<\/strong> di e con <strong>Daniela Scanu<br \/>\n<\/strong>presso Circoscrizione 2 Vicenza &#8211; via Enrico de Nicola 8 &#8211; Vicenza<br \/>\nil 21 novembre 2025<br \/>\n_<\/li>\n<li><strong>Riconoscimento FIAF F44 2025<\/strong><br \/>\norganizzato da <strong>Arti Visive Bovolone<\/strong><br \/>\nmanifestazione <strong>Giornate di lettura portfolio<\/strong><br \/>\npresso Cantine del Vescovo &#8211; Via Vescovado &#8211; Bovolone VR<br \/>\nil 16 novembre 2025<br \/>\n_<\/li>\n<li><strong>Riconoscimento FIAF F43\/2025<\/strong><br \/>\norganizzato da <strong>Foto Club Adria APS &#8211; BFI<\/strong><br \/>\nmostra collettiva <strong>Rassegna teatrale Citt\u00e0 di Adria 2024-2025<\/strong> dei <strong>soci Circolo<br \/>\n<\/strong>presso Sala Cordella &#8211; Corso Vittorio Emanuele II, 35 &#8211; Adria RO<br \/>\ndal 1 al 7 novembre 2025<br \/>\n_<\/li>\n<li><strong>Riconoscimento FIAF F42\/2025<\/strong><br \/>\norganizzato da <strong>APS Circolo Fotografico Veronese &#8211; BFI<\/strong><br \/>\nmostra collettiva <strong>Verona Citt\u00e0 inespugnabile <\/strong>dei <strong>Soci Circolo<br \/>\n<\/strong>presso Bastione delle Maddalene &#8211; Vicolo Madonnina 12 &#8211; Verona<br \/>\ndal 15 novembre 2025 fino al 7 gennaio 2026<br \/>\n_<\/li>\n<li><strong>Riconoscimento FIAF F41\/2025<\/strong><br \/>\norganizzato da <strong>Arti Visive Bovolone<\/strong><br \/>\nserata presentazione lavoro di <strong>Ferdinando Scianna, a cura di Rossana Ottofaro<\/strong><br \/>\npresso Palazzo Corte Salvi &#8211; Piazza della Costituzione 1 &#8211; Bovolone VR<br \/>\nil 13 ottobre 2025 alle 21<br \/>\n_<\/li>\n<li><strong>Riconoscimento FIAF F40\/2025<\/strong><br \/>\norganizzato da <strong>Associazione Culturale Athesis APS BFI EFI<\/strong><br \/>\nmostra personale <strong>Riflettendo<\/strong>, di <strong>Valentina Cavaliere BFI<\/strong><br \/>\npresso Athesis Museo Veneto Fotografia Boara Pisani, Elisir del Bosco Stanghella, Villaggio Anziani tra noi Solesino<br \/>\ndal 22 ottobre 2025 fino a gennaio 2026<br \/>\n_<\/li>\n<li><strong>Riconoscimento FIAF F39\/2025<\/strong><br \/>\norganizzato da <strong>Scatti da Lupi<\/strong><br \/>\nmostra collettiva <strong>Memorie, ci\u00f2 che \u00e8 stato, cio che \u00e8, ci\u00f2 che rester\u00e0<\/strong><br \/>\npresso Centro Culturale &#8211; Piazza Umberto I\u00b0, 10 &#8211; San Giovanni Lupatoto VR<br \/>\ndal 6 all&#8217;8 dicembre 2025<br \/>\n_<\/li>\n<li><strong>Riconoscimento FIAF F38\/2025<\/strong><br \/>\norganizzato da <strong>Associazione Culturale Fotografica La Tangenziale BFI<\/strong><br \/>\n<strong>mostra collettiva dei soci Circolo<br \/>\n<\/strong>presso Forte Mezzacapo &#8211; via E. Scaramuzza &#8211; Venezia<br \/>\ndall&#8217;11 al 19 ottobre 2025<br \/>\n_<\/li>\n<li><strong>Riconoscimento FIAF F37\/2025<\/strong><br \/>\norganizzato da <strong>Foto Club Caldogno APS<\/strong><br \/>\nmostra collettiva\u00a0<strong>Tracce di Vita: Storie di Tempo e Memoria<\/strong>, dei <strong>Soci Circolo<\/strong><br \/>\npresso Villa Caldogno &#8211; Caldogno VI<br \/>\ndal 6 settembre al 5 ottobre 2025<br \/>\n_<\/li>\n<li><strong>Riconoscimento FIAF F36\/2025<\/strong><br \/>\norganizzato da <strong>Associazione Culturale Ezzelino Fotoclub<\/strong><br \/>\nmanifestazione audiovisivi fotografici\u00a0<strong>Autunno con la Fotografia &#8211; 17ma Edizione<\/strong><br \/>\npresso Chiesetta di Torre San Giacomo &#8211; Romano d&#8217;Ezzelino VI<br \/>\nil 30 settembre, poi il 7 e 14 ottobre 2025<br \/>\n_<\/li>\n<li><strong>Riconoscimento FIAF F35\/2025<\/strong><br \/>\norganizzato da <strong>Foto Club Adria APS<\/strong><br \/>\nmostra\u00a0<strong>59ma Collettiva di Fotografia, <\/strong>dei <strong>Soci Circolo<\/strong><br \/>\npresso Sala Cordella, Corso Vittorio Emanuele II, 35 &#8211; Adria RO<br \/>\ndal 20 al 26 settembre 2025<br \/>\n_<\/li>\n<li><strong>Riconoscimento FIAF F34\/2025<\/strong><br \/>\norganizzato da <strong>Club Fotografico Il Campanile<\/strong><br \/>\nmostra collettiva <strong>Viaggio fotografico nelle nostre terre<\/strong>, di <strong> Brombin D, Gusella F., Gusella O., Maneo G, Vardanega E.<\/strong><br \/>\npresso Sala esposizioni di Villa Barbarigo &#8211; Noventa Vicentina VI<br \/>\ndall&#8217;11 al 19 ottobre 2025<br \/>\n_<\/li>\n<li><strong>Riconoscimento FIAF F33\/2025<\/strong><br \/>\norganizzato da <strong>Foto Club Adria APS<\/strong><br \/>\nmostra collettiva <strong>58ma Collettiva di Fotografia<\/strong>, dei <strong>Soci Circolo<\/strong><br \/>\npresso Sala Cordella Corso Vittorio Emanuele II, 35 &#8211; Adria RO<br \/>\ndal 21 al 27 settembre 2025<br \/>\n_<\/li>\n<li><strong>Riconoscimento FIAF F32\/2025<\/strong><br \/>\norganizzato da <strong>Circolo Fotografico Vicenza<\/strong><br \/>\nmostra <strong>CERCHEZ LA FEMME<\/strong>, di <strong>Alberto Cognolato<\/strong><br \/>\npresso Chiesa San Giovanni &#8211; Piazza Libert\u00e0 27 &#8211; Bassano del Grappa VI<br \/>\ndal 6 settembre al 5 ottobre 2025<br \/>\n_<\/li>\n<li><strong>Riconoscimento FIAF F31\/2025<\/strong><br \/>\norganizzato da <strong>Circolo Fotografico Vicenza<\/strong><br \/>\nmostra collettiva <strong>SGUARDI DIVERSI, <\/strong>dei <strong>Soci Circolo<\/strong><br \/>\npresso Palazzo Fracca &#8211; via Matteotti &#8211; Bassano del Grappa VI<br \/>\ndal 6 settembre al 5 ottobre 2025<br \/>\n_<\/li>\n<li><strong>Riconoscimento FIAF F30\/2025<\/strong><br \/>\norganizzato da <strong>Andrea Zaccarelli<\/strong>\u00a0\/ Amici della FIAF<br \/>\nmostra collettiva <strong>VENTI anni di eVENTI<br \/>\n<\/strong>presso Bistrot de Venise &#8211; Calle dei Fabbri 4585 &#8211; Venezia<br \/>\ndall&#8217;11 al 23 ottobre 2025<br \/>\n_<\/li>\n<li><strong>Riconoscimento FIAF F29\/2025<\/strong><br \/>\norganizzato da <strong>Bassano Fotografia 25<\/strong><br \/>\nmostra personale <strong>Volo, il sogno dell&#8217;uomo<\/strong> di <strong>Luigi Fazzi<\/strong><br \/>\npresso Hotel Belvedere Bonotto &#8211; Bassano del Grappa VI<br \/>\ndal 6 settembre al 5 ottobre 2025<br \/>\n_<\/li>\n<li><strong>Riconoscimento FIAF F28\/2025\u00a0<\/strong><br \/>\norganizzato da <strong>Fotoclub Il Punto Focale<\/strong><br \/>\nmostra collettiva <strong>Il futuro delle terre alte, di CAI Rovigo &#8211; Fotoricerca Valdagno &#8211; Fotoclub Il Punto Focale<\/strong><br \/>\npresso Centro Commerciale La Fattoria &#8211; Borsea Rovigo<br \/>\ndall&#8217;8 al 13 settembre 2025<br \/>\n_<\/li>\n<li><strong>Riconoscimento FIAF F27\/2025<\/strong><br \/>\norganizzato da <strong>Fotoclub Cavarzere<\/strong><br \/>\nmostra collettiva <strong>Dallo Scatto Fotografico&#8230; All&#8217;Immaginifico<\/strong><br \/>\npresso Palazzo Danielato via Roma 8 &#8211; Cavarzere VE<br \/>\ndal 20 al 29 settembre 2025<br \/>\n_<\/li>\n<li><strong>Riconoscimento FIAF F26\/2025\u00a0<\/strong><br \/>\norganizzato da <strong>Foto Gruppo Cartigliano<\/strong><br \/>\nmostra collettiva <strong>Percorsi di Luce 25<\/strong><br \/>\npresso Villa Morosini Cappello, Cartigliano VI<br \/>\ndal 4 ottobre fino al 9 novembre 2025<br \/>\n_<\/li>\n<li><strong>Riconoscimento FIAF F25\/2025<\/strong><br \/>\norganizzato da <strong>Arti visive Bovolone<\/strong><br \/>\nserata autore <strong>Storie in Fotografia<\/strong> con <strong>Lorenzo Zoppolato<\/strong><br \/>\npresso Auditorium Biblioteca Civica &#8211; via Vescovado &#8211; Bovolone VR<br \/>\nil giorno 22 maggio 2025<br \/>\n_<\/li>\n<li><strong>Riconoscimento FIAF F24\/2025<\/strong><br \/>\norganizzato dal tesserato <strong>Luca Sorato<\/strong> \/ Amici della FIAF<br \/>\nmostra personale <strong>Laboro ergo sum<\/strong> di <strong>Luca Sorato<br \/>\n<\/strong>presso Palazzo della Provvederia &#8211; via Torre Berlfredo 1 &#8211; Mestre Venezia<br \/>\ndal 27 maggio al 4 giugno 2025<br \/>\n_<\/li>\n<li><strong>Riconoscimento FIAF F23\/2025<\/strong><br \/>\norganizzato da <strong>Circolo Fotografico Vicenza<\/strong><br \/>\nserata con autore <strong>Viaggio nella memoria<\/strong>, di e con <strong>Gianni Mantovani<br \/>\n<\/strong>presso Circoscrizione 2 &#8211; via Enrico De Nicola 8 &#8211; Vicenza<br \/>\nil giorno 20 maggio 2025<br \/>\n_<\/li>\n<li><strong>Riconoscimento FIAF F22\/2025<\/strong><br \/>\norganizzato da <strong>FotoClub Cavarzere<\/strong><br \/>\nmostra <strong>NEAPOLIS: Storie di ogni giorno<\/strong> di <strong>Fava Francesco<\/strong>, <strong>Franchin Enrico<\/strong>, <strong>Imbesi Luigi<\/strong><br \/>\npresso Palazzo Danielato &#8211; via Roma 8 &#8211; Cavarzere VE<br \/>\ndal 10 fino al 21 maggio 2025<br \/>\n_<\/li>\n<li><strong>Riconoscimento FIAF F21\/2025<\/strong><br \/>\norganizzato da <strong>FotoClubCasier\u00a0<\/strong><br \/>\nmostra <strong>TRAVELS<\/strong> collettiva dei <strong>soci del FotoClubCasier<\/strong><br \/>\npresso Piazza Pio X &#8211; Casier TV<br \/>\ndal 25 maggio fino al 30 giugno 2025<br \/>\n_<\/li>\n<li><strong>Riconoscimento FIAF F20\/2025<\/strong><br \/>\norganizzato da <strong>Arti Visive Bovolone<\/strong><br \/>\nserata didattica <strong>Le regole di Willy Ronis<\/strong><br \/>\npresso Palazzo Corte Salvi &#8211; Piazza Costituzione 1 &#8211; Bovolone VR<br \/>\nil 6 maggio 2025<br \/>\n_<\/li>\n<li><strong>Riconoscimento FIAF F19\/2025<\/strong><br \/>\norganizzato da <strong>Arti Visive Bovolone<\/strong><br \/>\nserata <strong>Incontro con l&#8217;Autore Simone Bissoli<\/strong><br \/>\npresso Auditorium Biblioteca Comunale &#8211; via Vescovado &#8211; Bovolone VR<br \/>\nil 29 aprile 2025<br \/>\n_<\/li>\n<li><strong>Riconoscimento FIAF F18\/2025<\/strong><br \/>\norganizzato da <strong>Associazione Culturale Fotografica La Tangenziale<\/strong><br \/>\nmostra <strong>Sguardi dal Mondo<\/strong> di <strong>Alessio Boscolo e Massimo Bonutto<\/strong><br \/>\npresso Barchessa di Villa Concina &#8211; via Comunetto 5 &#8211; Dolo VE<br \/>\ndal 1 al 6 aprile 2025<br \/>\n_<\/li>\n<li><strong>Riconoscimento FIAF F17\/2023<\/strong><br \/>\norganizzato da <strong>Associazione Culturale Fotografica La Tangenziale<\/strong><br \/>\nmostra <strong>Minimalismo<\/strong> collettiva ACF La Tangenziale e N\u00fcrnberger Photoklub<br \/>\npresso Sala San Leonardo &#8211; Cannaregio 1584 &#8211; Venezia<br \/>\ndal 24 maggio al 7 giugno 2025<br \/>\n_<\/li>\n<li><strong>Riconoscimento FIAF F16\/2025<\/strong><br \/>\norganizzato da <strong>Arti Visive Bovolone APS<\/strong><br \/>\nmanifestazione <strong>HUMANITY<\/strong><br \/>\npresso Auditorium Biblioteca Civica &#8211; via Vescovado &#8211; Bovolone VR<br \/>\nil giorno 10 aprile 2025<br \/>\n_<\/li>\n<li><strong>Riconoscimento FIAF F15\/2025<\/strong><br \/>\norganizzato da <strong>Fotoclub Il Punto Focale<\/strong><br \/>\nmostra <strong>Obiettivo Italia<\/strong>, <strong>collettiva dei soci<\/strong><br \/>\npresso LA LOCOMOTIVA &#8211; via Rismondo 2 &#8211; Vicenza<br \/>\ndal 27 aprile al 31 maggio 2025<br \/>\n_<\/li>\n<li><strong>Riconoscimento FIAF F14\/2025<\/strong><br \/>\norganizzato da <strong>Fotoclub Il Punto Focale<\/strong><br \/>\nmostra <strong>1000 montagne<\/strong>, di AA.VV.<br \/>\npresso Rifugio Campogrosso &#8211; Recoaro VI<br \/>\ndal 14 luglio al 14 settembre 2025<br \/>\n_<\/li>\n<li><strong>Riconoscimento FIAF F13\/2025<\/strong><br \/>\norganizzato da <strong>FotoCineClub El Bragosso EFI\u00a0<\/strong><br \/>\nmostra <strong>Tra cielo e mare,<\/strong> di <strong>Nicoletta Gusso<\/strong><br \/>\npresso Centro Civico Piazza Vescovado Caorle VE<br \/>\ndal 1\u00b0 al 9 settembre 2025<br \/>\n_<\/li>\n<li><strong>Riconoscimento FIAF F12\/2025<\/strong><br \/>\norganizzato da <strong>FotoCineClub El Bragosso EFI<\/strong><br \/>\nmostra <strong>A(t)MOS-Sphere<\/strong> di <strong>Raffaele Marchesan<br \/>\n<\/strong>presso Centro espositivo Battistella &#8211; San Don\u00e0 di Piave VE<br \/>\ndal 18 ottobre al 2 novembre 2025<br \/>\n_<\/li>\n<li><strong>Riconoscimento FIAF F11\/2025<br \/>\n<\/strong>organizzato da <strong>Gruppo Fotografico Antenore<\/strong> e <strong>GAV<br \/>\n<\/strong>concorso e proiezione audiovisivi fotografici <strong>5\u00b0 Contest interregionale AudioVisivi<br \/>\n<\/strong>presso Palazzo Zuckermann &#8211; Corso G Garibaldi 33 &#8211; Padova<br \/>\nil 6 giugno 2025<br \/>\n_<\/li>\n<li><strong>Riconoscimento FIAF F10\/2025<\/strong><br \/>\norganizzato da <strong>ITALIA NOSTRA Sezione di Vicenza<\/strong> \u00a0e <strong>Circolo Fotografico Vicenza<\/strong><br \/>\nmanifestazione <strong>Stili e filosofie della fotografia contemporanea viaggio nella fotografia come arte contemporanea<\/strong><br \/>\npresso Italia Nostra Vicenza &#8211; viale Margherita 61\/F<br \/>\nil 21 marzo 2025<br \/>\n_<\/li>\n<li><strong>Riconoscimento FIAF F09\/2025<\/strong><br \/>\norganizzato da <strong>Fotoclub Il Punto Focale<\/strong><br \/>\nmostra collettiva di <strong>Mail Art<\/strong> <strong>&#8220;100 primavere&#8221;<\/strong><br \/>\npresso INTERNO VERDE Festival &#8211; Vicenza<br \/>\ndal 26 al 27 aprile 2025<br \/>\n_<\/li>\n<li><strong>Riconoscimento FIAF F08\/2025<\/strong><br \/>\norganizzato da <strong>Foto Club Adria APS<\/strong><br \/>\nmostra <strong>Tra acqua e cieli: i Guardiani del Delta<\/strong> di <strong>Bellato Caterino, Benizzi Germano, Rosa Luigino<\/strong><br \/>\npresso Sala Cordella &#8211; Corso Vittorio Emanuele II, 35 &#8211; Adria<br \/>\ndal 29 marzo al 4 aprile 2025<br \/>\n_<\/li>\n<li><strong>Riconoscimento FIAF F07\/2025<\/strong><br \/>\norganizzato dal <strong>Club fotografico Il Campanile<\/strong><br \/>\nmostra collettiva <strong>Racconti di fotografia&#8230; 30 anni dopo<\/strong> dei soci del club<br \/>\npresso Sala esposizioni Vlla Barbarigo &#8211; Noventa vicentina<br \/>\ndal 29 marzo al 20 aprile 2025<br \/>\n_<\/li>\n<li><strong>Riconoscimento FIAF F06\/2025<\/strong><br \/>\norganizzato da <strong>Arti Visive Bovolone<\/strong><br \/>\nserata seminario <strong>Alla scoperta di Fan Ho<\/strong>, a cura di <strong>Rossana Ottofaro<\/strong><br \/>\npresso Palazzo Corte Salvi &#8211; Piazza Costituzione 1 &#8211; Bovolone VR<br \/>\nil 4 marzo 2025<br \/>\n_<\/li>\n<li><strong>Riconoscimento FIAF F05\/2025<\/strong><br \/>\norganizzato da <strong>Fotoclub Obiettivo Burano<\/strong><br \/>\nmostra personale di <strong>Marta Quintavalle Natura silente Frammenti di Luce e Vita<\/strong><br \/>\npresso Ristorante da Novello &#8211; via Baldassarre Galuppi 287 &#8211; Burano VE<br \/>\ndal 9 marzo al 30 giugno 2025<br \/>\n_<\/li>\n<li><strong>Riconoscimento FIAF F04\/2025<\/strong><br \/>\norganizzato da <strong>Fotoclub Este<\/strong><br \/>\nmostra collettiva <strong>Colli Euganei: terra, anima e obiettivo<\/strong><br \/>\npresso Ex Pescheria Vecchia &#8211; via Massimo D&#8217;Azeglio 11 &#8211; Este<br \/>\ndal 9 al 18 maggio 2025<br \/>\n_<\/li>\n<li><strong>Riconoscimento FIAF F03\/2025<\/strong><br \/>\norganizzato da <strong>Circolo Fotografico Veronese APS<\/strong><br \/>\nmanifestazione serate <strong>Ciclo Fotografia Contemporanea<\/strong><br \/>\npresso Sala San Giacomo &#8211; Verona<br \/>\nnei giorni 14, 21, 28 febbraio 2025<br \/>\n_<\/li>\n<li><strong>Riconoscimento FIAF F02\/2025<\/strong><br \/>\norganizzato da <strong>Fotoclub Padova e Associazione Miles<\/strong><br \/>\nmostra fotografica <strong>Luce e tradizione: il festival <em>Boun Lai Heua Fai<\/em> in Laos<\/strong>, di Paola Vecchiato<br \/>\npresso Caff\u00e8 Pedrocchi &#8211; Padova<br \/>\ndal 10 febbraio al 9 marzo 2025<br \/>\n_<\/li>\n<li><strong>Riconoscimento FIAF F01\/2025<\/strong><br \/>\norganizzato da <strong>Club Fotografico Il Campanile e Pro Loco Noventa Vicentina<\/strong><br \/>\nmostra <strong>L&#8217;AMORE&#8230; in mostra<\/strong><br \/>\npresso Sala esposizioni di Villa Barbarigo &#8211; Noventa Vicentina<br \/>\ndal 14 al 23 febbraio 2025<br \/>\n_<\/li>\n<li><strong>Riconoscimento FIAF F52\/2024<\/strong><br \/>\norganizzato da <strong>Circolo Fotografico Veronese<\/strong><br \/>\nmanifestazione fotografica con mostre, conferenze, letture portfolio <strong>PhotoFest 68 Asa 2025<\/strong><br \/>\npresso Porta Palio Verona<br \/>\ndal 2 al 4 maggio 2025<br \/>\n_<\/li>\n<li><strong>Riconoscimento FIAF F51\/2024<\/strong><br \/>\norganizzato dall&#8217;<strong>Associazione Culturale Ezzelino fotoclub<\/strong><br \/>\n<b>40\u00b0 Corso di Fotografia | Base<\/b><br \/>\npresso Sede Ezzelino Fotoclub &#8211; via Velo 65 &#8211; Romano d&#8217;Ezzelino<br \/>\ndal 17 febbraio al 7 aprile 2025<br \/>\n_<\/li>\n<li><strong>Riconoscimento FIAF F50\/2024<\/strong><br \/>\norganizzato da <strong>Fotoclub Il Punto Focale BFI<\/strong><br \/>\n<strong>Corso Certificato<\/strong> Corso di fotografia di base con <strong>docente DiD Antonio Cunico<\/strong><br \/>\npresso Sede CRAIM &#8211; via Mure Carmini 12 &#8211; Vicenza<br \/>\ndal 21 marzo al 23 maggio 2025<br \/>\n_<\/li>\n<li><strong>Riconoscimento FIAF F49\/2024<\/strong><br \/>\norganizzato da <strong>Gruppo Fotografico Antenore BFI<\/strong><br \/>\nmostra<strong> #e_motion<\/strong><br \/>\npresso Libreria Zabarella &#8211; via Zabarella 80 &#8211; Padova<br \/>\ndall&#8217;11 al 25 gennaio 2025<br \/>\n_<\/li>\n<li><strong>Riconoscimento FIAF F44\/2024<\/strong><br \/>\norganizzato da <strong>Gruppo Fotografico Antenore BFI<\/strong><br \/>\ncorso <strong>Corso base di fotografia<\/strong><br \/>\npresso Sede GFA &#8211; Corso Giuseppe Garibaldi 41\/1 &#8211; Padova<br \/>\ndal 6 marzo al 15 aprile 2025 (modificabili)<br \/>\n_<\/li>\n<li><strong>Riconoscimento FIAF F43\/2024<\/strong><br \/>\norganizzato da <strong>Associazione Socio Culturale Il Bucaneve di Carbonara PD<\/strong><br \/>\nmanifestazione <strong>Rovolon Fotografia 10ma edizione, mostre diffuse<\/strong><br \/>\npresso esercizi commerciali di Rovolon e Sala Il Bucaneve di Carbonara &#8211; Rovolon PD<br \/>\ndal 15 dicembre 2024 al 26 gennaio 2025<br \/>\n_<\/li>\n<\/ul>\n<hr \/>\n<p>&nbsp;<\/p>\n\n    <div class=\"xs_social_share_widget xs_share_url after_content \t\tmain_content  wslu-style-1 wslu-share-box-shaped wslu-fill-colored wslu-none wslu-share-horizontal wslu-theme-font-no wslu-main_content\">\n\n\t\t\n        <ul>\n\t\t\t        <\/ul>\n    <\/div> \n","protected":false},"excerpt":{"rendered":"<p>Riconoscimenti 2025 Aggiornato fino al 24 dicembre 2025 &#8211; l&#8217;ordine mette in testa il pi\u00f9 recente Riconoscimento FIAF F57\/2025 organizzato &hellip;<\/p>\n","protected":false},"author":3,"featured_media":0,"parent":0,"menu_order":0,"comment_status":"closed","ping_status":"closed","template":"","meta":{"_acf_changed":false,"footnotes":""},"class_list":["post-17311","page","type-page","status-publish","hentry"],"acf":[],"_links":{"self":[{"href":"https:\/\/fiaf.net\/veneto\/wp-json\/wp\/v2\/pages\/17311","targetHints":{"allow":["GET"]}}],"collection":[{"href":"https:\/\/fiaf.net\/veneto\/wp-json\/wp\/v2\/pages"}],"about":[{"href":"https:\/\/fiaf.net\/veneto\/wp-json\/wp\/v2\/types\/page"}],"author":[{"embeddable":true,"href":"https:\/\/fiaf.net\/veneto\/wp-json\/wp\/v2\/users\/3"}],"replies":[{"embeddable":true,"href":"https:\/\/fiaf.net\/veneto\/wp-json\/wp\/v2\/comments?post=17311"}],"version-history":[{"count":41,"href":"https:\/\/fiaf.net\/veneto\/wp-json\/wp\/v2\/pages\/17311\/revisions"}],"predecessor-version":[{"id":18359,"href":"https:\/\/fiaf.net\/veneto\/wp-json\/wp\/v2\/pages\/17311\/revisions\/18359"}],"wp:attachment":[{"href":"https:\/\/fiaf.net\/veneto\/wp-json\/wp\/v2\/media?parent=17311"}],"curies":[{"name":"wp","href":"https:\/\/api.w.org\/{rel}","templated":true}]}}